{"id":3878,"date":"2020-04-14T13:41:58","date_gmt":"2020-04-14T11:41:58","guid":{"rendered":"https:\/\/local.admonter.at\/boutique\/"},"modified":"2025-06-17T11:02:45","modified_gmt":"2025-06-17T09:02:45","slug":"boutique","status":"publish","type":"page","link":"https:\/\/shop.admonter.com\/fr\/","title":{"rendered":"Admonter boutique en ligne"},"content":{"rendered":"\t\t<div data-elementor-type=\"wp-page\" data-elementor-id=\"3878\" class=\"elementor elementor-3878 elementor-343\" data-elementor-post-type=\"page\">\n\t\t\t\t\t\t<section class=\"elementor-section elementor-top-section elementor-element elementor-element-d4b1ce0 elementor-section-height-min-height product-grid__elementor-outer elementor-section-boxed elementor-section-height-default elementor-section-items-middle\" data-id=\"d4b1ce0\" data-element_type=\"section\" id=\"product-grid\">\n\t\t\t\t\t\t<div class=\"elementor-container elementor-column-gap-no\">\n\t\t\t\t\t<div class=\"elementor-column elementor-col-100 elementor-top-column elementor-element elementor-element-7af2f6a\" data-id=\"7af2f6a\" data-element_type=\"column\">\n\t\t\t<div class=\"elementor-widget-wrap elementor-element-populated\">\n\t\t\t\t\t\t<div class=\"elementor-element elementor-element-b0befdf elementor-widget elementor-widget-ProductGridNew\" data-id=\"b0befdf\" data-element_type=\"widget\" data-widget_type=\"ProductGridNew.default\">\n\t\t\t\t<div class=\"elementor-widget-container\">\n\t\t\t\t\t    <div class=\"product-grid__filterbar\">\n                    <div class=\"product-grid__filter-outer\">\n                <a class=\"product-grid__filter product-grid__filter--parent active\"\n                   href=\"#\"\n                   active-filter-attribute=\"floors\"\n                   filter-attribute=\"floors-fr\">\u00e9chantillonage Admonter FLOORs<\/a>\n                            <\/div>\n                    <div class=\"product-grid__filter-outer\">\n                <a class=\"product-grid__filter product-grid__filter--parent \"\n                   href=\"#\"\n                   active-filter-attribute=\"maintenance-care\"\n                   filter-attribute=\"nettoyage-entretien\">Nettoyage &amp; Entretien<\/a>\n                                    <div class=\"product-grid__filter-children\">\n                                                    <a class=\"product-grid__filter product-grid__filter--child\" href=\"#\"\n                               filter-attribute=\"cleaning-fr\">Nettoyage<\/a>\n                                                    <a class=\"product-grid__filter product-grid__filter--child\" href=\"#\"\n                               filter-attribute=\"care-fr\">Entretien<\/a>\n                                            <\/div>\n                            <\/div>\n                    <div class=\"product-grid__filter-outer\">\n                <a class=\"product-grid__filter product-grid__filter--parent \"\n                   href=\"#\"\n                   active-filter-attribute=\"verlegezubehoer\"\n                   filter-attribute=\"laying-fr\">Pose<\/a>\n                            <\/div>\n            <\/div>\n\n    <div class=\"product-grid__loader\">\n        <div class=\"product-grid__loader--inner\">\n            <p style=\"margin-right: 20px\">Charg\u00e9<\/p>\n            <img decoding=\"async\" height=\"18px\" width=\"18px\" src=\"https:\/\/cdn.lightcyde.agency\/gifs\/loader\/loader-1.gif\"\/>\n        <\/div>\n    <\/div>\n\n<div class=\"product-grid__container\">\n                        \n\n<div class=\"product__container\" filter-attributes=\"floors-fr\">\n    <a href=\"https:\/\/shop.admonter.com\/fr\/produkt\/chene-superbianco\/\">\n        <div class=\"product__aspect product__aspect--1x1\">\n            <div class=\"aspect__inner\">\n                                                        <img decoding=\"async\" class=\"product__image\" src=\"https:\/\/shop.admonter.com\/wp-content\/uploads\/sites\/2\/Eiche-superbianco-elegance-gebuerstet-EC-Perspektive-425x470.jpg\"\n                         alt=\"Eiche superbianco elegance geb\u00fcrstet EC Perspektive\" loading=\"lazy\"\/>\n                            <\/div>\n        <\/div>\n        <div class=\"product__meta-container\">\n            <div>\n                <h3 class=\"product__title\">110079 | Ch\u00eane superbianco<\/h3>\n                                                                <span class=\"product__description\">Gr\u00e2ce \u00e0 sa couleur claire et \u00e0 son aspect naturel, ce parquet attire les regards dans chaque espace de vie. Les lames de l'assemblage bas...<\/span>\n            <\/div>\n\n                                                    \n                                    <span class=\"product__price\">Commander des \u00e9chantillons parquet<\/span>\n                \n                    <\/div>\n    <\/a>\n<\/div>                    \n\n<div class=\"product__container\" filter-attributes=\"floors-fr\">\n    <a href=\"https:\/\/shop.admonter.com\/fr\/produkt\/chene-blanc-basic-15x192x2400mm-2\/\">\n        <div class=\"product__aspect product__aspect--1x1\">\n            <div class=\"aspect__inner\">\n                                                        <img decoding=\"async\" class=\"product__image\" src=\"https:\/\/shop.admonter.com\/wp-content\/uploads\/sites\/2\/Eiche-weiss-basic-gebuerstet-natur-geoelt_persp-1-470x470.jpg\"\n                         alt=\"Eiche weiss basic gebuerstet natur geoelt persp\" loading=\"lazy\"\/>\n                            <\/div>\n        <\/div>\n        <div class=\"product__meta-container\">\n            <div>\n                <h3 class=\"product__title\">106363 | Ch\u00eane blanc<\/h3>\n                                                                <span class=\"product__description\">La teinte blanche un peu plus froide du ch\u00eane blanc conf\u00e8re une atmosph\u00e8re noble \u00e0 chaque espace de vie. Les lames de l'assemblage basic ...<\/span>\n            <\/div>\n\n                                                    \n                                    <span class=\"product__price\">Commander des \u00e9chantillons parquet<\/span>\n                \n                    <\/div>\n    <\/a>\n<\/div>                    \n\n<div class=\"product__container\" filter-attributes=\"floors-fr\">\n    <a href=\"https:\/\/shop.admonter.com\/fr\/produkt\/chene-stone\/\">\n        <div class=\"product__aspect product__aspect--1x1\">\n            <div class=\"aspect__inner\">\n                                                        <img decoding=\"async\" class=\"product__image\" src=\"https:\/\/shop.admonter.com\/wp-content\/uploads\/sites\/2\/115756-Perspektive-470x470.jpg\"\n                         alt=\"115756 Perspektive\" loading=\"lazy\"\/>\n                            <\/div>\n        <\/div>\n        <div class=\"product__meta-container\">\n            <div>\n                <h3 class=\"product__title\">115756 | Ch\u00eane stone<\/h3>\n                                                                <span class=\"product__description\">Le ch\u00eane stone est l'un de nos parquets classiques, son m\u00e9lange de couleurs claires et plus sombres conf\u00e8re \u00e0 chaque pi\u00e8ce une noble atmosph...<\/span>\n            <\/div>\n\n                                                    \n                                    <span class=\"product__price\">Commander des \u00e9chantillons parquet<\/span>\n                \n                    <\/div>\n    <\/a>\n<\/div>                    \n\n<div class=\"product__container\" filter-attributes=\"floors-fr\">\n    <a href=\"https:\/\/shop.admonter.com\/fr\/produkt\/chene-natura\/\">\n        <div class=\"product__aspect product__aspect--1x1\">\n            <div class=\"aspect__inner\">\n                                                        <img decoding=\"async\" class=\"product__image\" src=\"https:\/\/shop.admonter.com\/wp-content\/uploads\/sites\/2\/Eiche-NATURA-basic-gebuerstet-EC-Perspektive-470x470.jpg\"\n                         alt=\"Eiche NATURA basic geb\u00fcrstet EC Perspektive\" loading=\"lazy\"\/>\n                            <\/div>\n        <\/div>\n        <div class=\"product__meta-container\">\n            <div>\n                <h3 class=\"product__title\">115774 | Ch\u00eane Natura<\/h3>\n                                                                <span class=\"product__description\">Le ch\u00eane natura exerce une fascination tr\u00e8s particuli\u00e8re car il a l'apparence d'un parquet non trait\u00e9. Les lames rustiques conf\u00e8rent au bois...<\/span>\n            <\/div>\n\n                                                    \n                                    <span class=\"product__price\">Commander des \u00e9chantillons parquet<\/span>\n                \n                    <\/div>\n    <\/a>\n<\/div>                    \n\n<div class=\"product__container\" filter-attributes=\"floors-fr\">\n    <a href=\"https:\/\/shop.admonter.com\/fr\/produkt\/chene-salis-basic\/\">\n        <div class=\"product__aspect product__aspect--1x1\">\n            <div class=\"aspect__inner\">\n                                                        <img decoding=\"async\" class=\"product__image\" src=\"https:\/\/shop.admonter.com\/wp-content\/uploads\/sites\/2\/107205-Perspektive-470x470.jpg\"\n                         alt=\"107205 Perspektive\" loading=\"lazy\"\/>\n                            <\/div>\n        <\/div>\n        <div class=\"product__meta-container\">\n            <div>\n                <h3 class=\"product__title\">107205 | Ch\u00eane Salis<\/h3>\n                                                                <span class=\"product__description\">Sa l\u00e9g\u00e8re fumigation permet de souligner ses particularit\u00e9s et ses qualit\u00e9s individuelles. Les lames de l'assemblage basic ont des n\u0153uds nat...<\/span>\n            <\/div>\n\n                                                    \n                                    <span class=\"product__price\">Commander des \u00e9chantillons parquet<\/span>\n                \n                    <\/div>\n    <\/a>\n<\/div>                    \n\n<div class=\"product__container\" filter-attributes=\"floors-fr\">\n    <a href=\"https:\/\/shop.admonter.com\/fr\/produkt\/chene-sanjo-pur\/\">\n        <div class=\"product__aspect product__aspect--1x1\">\n            <div class=\"aspect__inner\">\n                                                        <img decoding=\"async\" class=\"product__image\" src=\"https:\/\/shop.admonter.com\/wp-content\/uploads\/sites\/2\/112049-Perspektive-470x470.jpg\"\n                         alt=\"112049 Perspektive\" loading=\"lazy\"\/>\n                            <\/div>\n        <\/div>\n        <div class=\"product__meta-container\">\n            <div>\n                <h3 class=\"product__title\">139363 | Ch\u00eane Sanjo<\/h3>\n                                                                <span class=\"product__description\">Les teintes naturelles de ce bois color\u00e9 redonnent vie \u00e0 la nature entre vos murs.\u00a0 Les lames de l'assemblage pur ont des n\u0153uds naturels ave...<\/span>\n            <\/div>\n\n                                                    \n                                    <span class=\"product__price\">Commander des \u00e9chantillons parquet<\/span>\n                \n                    <\/div>\n    <\/a>\n<\/div>                    \n\n<div class=\"product__container\" filter-attributes=\"floors-fr\">\n    <a href=\"https:\/\/shop.admonter.com\/fr\/produkt\/chene-seta\/\">\n        <div class=\"product__aspect product__aspect--1x1\">\n            <div class=\"aspect__inner\">\n                                                        <img decoding=\"async\" class=\"product__image\" src=\"https:\/\/shop.admonter.com\/wp-content\/uploads\/sites\/2\/Eiche-Seta_basic-1-470x470.jpg\"\n                         alt=\"Eiche Seta basic\" loading=\"lazy\"\/>\n                            <\/div>\n        <\/div>\n        <div class=\"product__meta-container\">\n            <div>\n                <h3 class=\"product__title\">119553 | Ch\u00eane Seta<\/h3>\n                                                                <span class=\"product__description\">Ce parquet fum\u00e9 d\u00e9gage une touche alpine qui donne vie \u00e0 la nature dans toutes ses nuances. Les lames de l'assemblage basic ont des n\u0153uds na...<\/span>\n            <\/div>\n\n                                                    \n                                    <span class=\"product__price\">Commander des \u00e9chantillons parquet<\/span>\n                \n                    <\/div>\n    <\/a>\n<\/div>                    \n\n<div class=\"product__container\" filter-attributes=\"floors-fr\">\n    <a href=\"https:\/\/shop.admonter.com\/fr\/produkt\/chene-lapis-basic\/\">\n        <div class=\"product__aspect product__aspect--1x1\">\n            <div class=\"aspect__inner\">\n                                                        <img decoding=\"async\" class=\"product__image\" src=\"https:\/\/shop.admonter.com\/wp-content\/uploads\/sites\/2\/106185-Perspektive-470x470.jpg\"\n                         alt=\"106185 Perspektive\" loading=\"lazy\"\/>\n                            <\/div>\n        <\/div>\n        <div class=\"product__meta-container\">\n            <div>\n                <h3 class=\"product__title\">106185 | Ch\u00eane Lapis<\/h3>\n                                                                <span class=\"product__description\">Vif, expressif et naturellement beau. Les lames de l'assemblage basic ont des n\u0153uds naturels avec une structure de n\u0153uds \u00e9quilibr\u00e9e.<\/span>\n            <\/div>\n\n                                                    \n                                    <span class=\"product__price\">Commander des \u00e9chantillons parquet<\/span>\n                \n                    <\/div>\n    <\/a>\n<\/div>                    \n\n<div class=\"product__container\" filter-attributes=\"floors-fr\">\n    <a href=\"https:\/\/shop.admonter.com\/fr\/produkt\/chene-ignis\/\">\n        <div class=\"product__aspect product__aspect--1x1\">\n            <div class=\"aspect__inner\">\n                                                        <img decoding=\"async\" class=\"product__image\" src=\"https:\/\/shop.admonter.com\/wp-content\/uploads\/sites\/2\/106480-Perspektive-470x470.jpg\"\n                         alt=\"106480 Perspektive\" loading=\"lazy\"\/>\n                            <\/div>\n        <\/div>\n        <div class=\"product__meta-container\">\n            <div>\n                <h3 class=\"product__title\">106480 | Ch\u00eane Ignis<\/h3>\n                                                                <span class=\"product__description\">La surface fum\u00e9e conf\u00e8re au parquet une teinte plus fonc\u00e9e et plus profonde et garantit ainsi une atmosph\u00e8re moderne et naturelle. Les lames...<\/span>\n            <\/div>\n\n                                                    \n                                    <span class=\"product__price\">Commander des \u00e9chantillons parquet<\/span>\n                \n                    <\/div>\n    <\/a>\n<\/div>                    \n\n<div class=\"product__container\" filter-attributes=\"floors-fr\">\n    <a href=\"https:\/\/shop.admonter.com\/fr\/produkt\/chene-aurum\/\">\n        <div class=\"product__aspect product__aspect--1x1\">\n            <div class=\"aspect__inner\">\n                                                        <img decoding=\"async\" class=\"product__image\" src=\"https:\/\/shop.admonter.com\/wp-content\/uploads\/sites\/2\/110171-Perspektive-470x470.jpg\"\n                         alt=\"110171 Perspektive\" loading=\"lazy\"\/>\n                            <\/div>\n        <\/div>\n        <div class=\"product__meta-container\">\n            <div>\n                <h3 class=\"product__title\">107200 | Ch\u00eane Aurum<\/h3>\n                                                                <span class=\"product__description\">La fumigation de ce parquet lui conf\u00e8re une teinte particuli\u00e8re et souligne les propri\u00e9t\u00e9s individuelles du bois, telles que son grain et sa...<\/span>\n            <\/div>\n\n                                                    \n                                    <span class=\"product__price\">Commander des \u00e9chantillons parquet<\/span>\n                \n                    <\/div>\n    <\/a>\n<\/div>                    \n\n<div class=\"product__container\" filter-attributes=\"floors-fr\">\n    <a href=\"https:\/\/shop.admonter.com\/fr\/produkt\/chene-whisky\/\">\n        <div class=\"product__aspect product__aspect--1x1\">\n            <div class=\"aspect__inner\">\n                                                        <img decoding=\"async\" class=\"product__image\" src=\"https:\/\/shop.admonter.com\/wp-content\/uploads\/sites\/2\/Eiche-Whisky-rustic-used-natur-goelt_persp-web-470x470.png\"\n                         alt=\"Eiche Whisky rustic used natur goelt persp web\" loading=\"lazy\"\/>\n                            <\/div>\n        <\/div>\n        <div class=\"product__meta-container\">\n            <div>\n                <h3 class=\"product__title\">114952 | Ch\u00eane Whisky<\/h3>\n                                                                <span class=\"product__description\">Le proc\u00e9d\u00e9 thermique \u00e9prouv\u00e9 conf\u00e8re au ch\u00eane Marrone une couleur \u00e9l\u00e9gante et naturelle. Les lames de l'assemblage basic ont des n\u0153uds natur...<\/span>\n            <\/div>\n\n                                                    \n                                    <span class=\"product__price\">Commander des \u00e9chantillons parquet<\/span>\n                \n                    <\/div>\n    <\/a>\n<\/div>                    \n\n<div class=\"product__container\" filter-attributes=\"floors-fr\">\n    <a href=\"https:\/\/shop.admonter.com\/fr\/produkt\/chene-marrone\/\">\n        <div class=\"product__aspect product__aspect--1x1\">\n            <div class=\"aspect__inner\">\n                                                        <img decoding=\"async\" class=\"product__image\" src=\"https:\/\/shop.admonter.com\/wp-content\/uploads\/sites\/2\/Eiche-medium-Marrone-basic-gebuerstet-classic_persp-470x470.jpg\"\n                         alt=\"Eiche medium Marrone basic geb\u00fcrstet classic persp\" loading=\"lazy\"\/>\n                            <\/div>\n        <\/div>\n        <div class=\"product__meta-container\">\n            <div>\n                <h3 class=\"product__title\">139334 | Ch\u00eane Marrone<\/h3>\n                                                                <span class=\"product__description\">Le proc\u00e9d\u00e9 thermique \u00e9prouv\u00e9 conf\u00e8re au ch\u00eane Marrone une couleur \u00e9l\u00e9gante et naturelle. Les lames de l'assemblage basic ont des n\u0153uds natur...<\/span>\n            <\/div>\n\n                                                    \n                                    <span class=\"product__price\">Commander des \u00e9chantillons parquet<\/span>\n                \n                    <\/div>\n    <\/a>\n<\/div>                    \n\n<div class=\"product__container\" filter-attributes=\"floors-fr\">\n    <a href=\"https:\/\/shop.admonter.com\/fr\/produkt\/chene-medium\/\">\n        <div class=\"product__aspect product__aspect--1x1\">\n            <div class=\"aspect__inner\">\n                                                        <img decoding=\"async\" class=\"product__image\" src=\"https:\/\/shop.admonter.com\/wp-content\/uploads\/sites\/2\/110238-Perspektive-470x470.jpg\"\n                         alt=\"110238 Perspektive\" loading=\"lazy\"\/>\n                            <\/div>\n        <\/div>\n        <div class=\"product__meta-container\">\n            <div>\n                <h3 class=\"product__title\">139328 | Ch\u00eane medium<\/h3>\n                                                                <span class=\"product__description\">Le proc\u00e9d\u00e9 thermique \u00e9prouv\u00e9 conf\u00e8re au ch\u00eane medium une couleur \u00e9l\u00e9gante et naturelle. Les lames de l'assemblage basic ont des n\u0153uds nature...<\/span>\n            <\/div>\n\n                                                    \n                                    <span class=\"product__price\">Commander des \u00e9chantillons parquet<\/span>\n                \n                    <\/div>\n    <\/a>\n<\/div>                    \n\n<div class=\"product__container\" filter-attributes=\"floors-fr\">\n    <a href=\"https:\/\/shop.admonter.com\/fr\/produkt\/chene-soren\/\">\n        <div class=\"product__aspect product__aspect--1x1\">\n            <div class=\"aspect__inner\">\n                                                        <img decoding=\"async\" class=\"product__image\" src=\"https:\/\/shop.admonter.com\/wp-content\/uploads\/sites\/2\/Eiche-Soren-basic-gebuerstet_EC_Perspektive_v1-470x470.jpg\"\n                         alt=\"Eiche Soren basic gebuerstet EC Perspektive v1 scaled\" loading=\"lazy\"\/>\n                            <\/div>\n        <\/div>\n        <div class=\"product__meta-container\">\n            <div>\n                <h3 class=\"product__title\">139316 | Ch\u00eane Soren<\/h3>\n                                                                <span class=\"product__description\">La couleur Soren impressionne par sa couleur claire \u00e9l\u00e9gante et donne \u00e0 chaque pi\u00e8ce une touche exclusive. Les lames de l'assemblage basic o...<\/span>\n            <\/div>\n\n                                                    \n                                    <span class=\"product__price\">Commander des \u00e9chantillons parquet<\/span>\n                \n                    <\/div>\n    <\/a>\n<\/div>                    \n\n<div class=\"product__container\" filter-attributes=\"floors-fr\">\n    <a href=\"https:\/\/shop.admonter.com\/fr\/produkt\/chene-griseo\/\">\n        <div class=\"product__aspect product__aspect--1x1\">\n            <div class=\"aspect__inner\">\n                                                        <img decoding=\"async\" class=\"product__image\" src=\"https:\/\/shop.admonter.com\/wp-content\/uploads\/sites\/2\/Eiche-Griseo-noblesse_Perspektive_v1-470x470.jpg\"\n                         alt=\"Eiche Griseo noblesse Perspektive v1 scaled\" loading=\"lazy\"\/>\n                            <\/div>\n        <\/div>\n        <div class=\"product__meta-container\">\n            <div>\n                <h3 class=\"product__title\">123937 | Ch\u00eane Griseo<\/h3>\n                                                                <span class=\"product__description\">Cette agr\u00e9able teinte grise s'int\u00e8gre parfaitement dans la situation de vie existante et assure un design de pi\u00e8ce moderne et intemporel. Le...<\/span>\n            <\/div>\n\n                                                    \n                                    <span class=\"product__price\">Commander des \u00e9chantillons parquet<\/span>\n                \n                    <\/div>\n    <\/a>\n<\/div>                    \n\n<div class=\"product__container\" filter-attributes=\"floors-fr|floorsample-fr\">\n    <a href=\"https:\/\/shop.admonter.com\/fr\/produkt\/chene-marshal-basic-15x192x2000mm\/\">\n        <div class=\"product__aspect product__aspect--1x1\">\n            <div class=\"aspect__inner\">\n                                                        <img decoding=\"async\" class=\"product__image\" src=\"https:\/\/shop.admonter.com\/wp-content\/uploads\/sites\/2\/Eiche-Marshal-basic-used-natur-geoelt_persp-425x470.jpg\"\n                         alt=\"Eiche Marshal basic used natur geoelt persp\" loading=\"lazy\"\/>\n                            <\/div>\n        <\/div>\n        <div class=\"product__meta-container\">\n            <div>\n                <h3 class=\"product__title\">110181 | Ch\u00eane Marshal<\/h3>\n                                                                <span class=\"product__description\">La teinte claire et le brossage crois\u00e9 partiel intensif conf\u00e8rent au ch\u00eane Marshal un aspect et un toucher particuli\u00e8rement expressifs. L...<\/span>\n            <\/div>\n\n                                                    \n                                    <span class=\"product__price\">Commander des \u00e9chantillons parquet<\/span>\n                \n                    <\/div>\n    <\/a>\n<\/div>                    \n\n<div class=\"product__container\" filter-attributes=\"floors-fr\">\n    <a href=\"https:\/\/shop.admonter.com\/fr\/produkt\/chene-grey-basic\/\">\n        <div class=\"product__aspect product__aspect--1x1\">\n            <div class=\"aspect__inner\">\n                                                        <img decoding=\"async\" class=\"product__image\" src=\"https:\/\/shop.admonter.com\/wp-content\/uploads\/sites\/2\/116599-Perspektive-470x470.jpg\"\n                         alt=\"\" loading=\"lazy\"\/>\n                            <\/div>\n        <\/div>\n        <div class=\"product__meta-container\">\n            <div>\n                <h3 class=\"product__title\">116599 | Ch\u00eane grey<\/h3>\n                                                                <span class=\"product__description\">Les tons gris sont modernes et absolument tendance. Les lames de l'assemblage basic ont des n\u0153uds naturels avec une structure de n\u0153uds \u00e9quil...<\/span>\n            <\/div>\n\n                                                    \n                                    <span class=\"product__price\">Commander des \u00e9chantillons parquet<\/span>\n                \n                    <\/div>\n    <\/a>\n<\/div>                    \n\n<div class=\"product__container\" filter-attributes=\"floors-fr\">\n    <a href=\"https:\/\/shop.admonter.com\/fr\/produkt\/frene-naturel-noblesse\/\">\n        <div class=\"product__aspect product__aspect--1x1\">\n            <div class=\"aspect__inner\">\n                                                        <img decoding=\"async\" class=\"product__image\" src=\"https:\/\/shop.admonter.com\/wp-content\/uploads\/sites\/2\/Esche-noblesse-gebuerstet-natur-geoelt-classic_persp-Large-470x470.jpg\"\n                         alt=\"Aqsis Renderer, secs rendertime\" loading=\"lazy\"\/>\n                            <\/div>\n        <\/div>\n        <div class=\"product__meta-container\">\n            <div>\n                <h3 class=\"product__title\">110126 | Fr\u00eane naturel<\/h3>\n                                                                <span class=\"product__description\">Notre bois dur ne fait pas de compromis entre design et aspect naturel. En plus des nombreuses facettes du ch\u00eane, le fr\u00eane dispose \u00e9galement...<\/span>\n            <\/div>\n\n                                                    \n                                    <span class=\"product__price\">Commander des \u00e9chantillons parquet<\/span>\n                \n                    <\/div>\n    <\/a>\n<\/div>                    \n\n<div class=\"product__container\" filter-attributes=\"floors-fr\">\n    <a href=\"https:\/\/shop.admonter.com\/fr\/produkt\/frene-natura\/\">\n        <div class=\"product__aspect product__aspect--1x1\">\n            <div class=\"aspect__inner\">\n                                                        <img decoding=\"async\" class=\"product__image\" src=\"https:\/\/shop.admonter.com\/wp-content\/uploads\/sites\/2\/Esche-Natura-noblesse-gebuerstet_persp-Large-425x470.jpg\"\n                         alt=\"Esche Natura noblesse geb\u00fcrstet persp (Large)\" loading=\"lazy\"\/>\n                            <\/div>\n        <\/div>\n        <div class=\"product__meta-container\">\n            <div>\n                <h3 class=\"product__title\">132855 | Fr\u00eane Natura<\/h3>\n                                                                <span class=\"product__description\">Notre bois dur ne fait pas de compromis entre design et aspect naturel. En plus des nombreuses facettes du ch\u00eane, le fr\u00eane dispose \u00e9galement...<\/span>\n            <\/div>\n\n                                                    \n                                    <span class=\"product__price\">Commander des \u00e9chantillons parquet<\/span>\n                \n                    <\/div>\n    <\/a>\n<\/div>                    \n\n<div class=\"product__container\" filter-attributes=\"floors-fr\">\n    <a href=\"https:\/\/shop.admonter.com\/fr\/produkt\/frene-de-coeur-natura\/\">\n        <div class=\"product__aspect product__aspect--1x1\">\n            <div class=\"aspect__inner\">\n                                                        <img decoding=\"async\" class=\"product__image\" src=\"https:\/\/shop.admonter.com\/wp-content\/uploads\/sites\/2\/Kernesche_NATURA_basic_Perspektive-470x470.jpg\"\n                         alt=\"Kernesche NATURA basic Perspektive scaled\" loading=\"lazy\"\/>\n                            <\/div>\n        <\/div>\n        <div class=\"product__meta-container\">\n            <div>\n                <h3 class=\"product__title\">123498 | Fr\u00eane de coeur Natura<\/h3>\n                                                                <span class=\"product__description\">La fr\u00eane de coeur montre son c\u00f4t\u00e9 naturel gr\u00e2ce au tri extravagant. Les lames de l'assemblage basic ont des n\u0153uds naturels avec une structur...<\/span>\n            <\/div>\n\n                                                    \n                                    <span class=\"product__price\">Commander des \u00e9chantillons parquet<\/span>\n                \n                    <\/div>\n    <\/a>\n<\/div>                    \n\n<div class=\"product__container\" filter-attributes=\"floors-fr\">\n    <a href=\"https:\/\/shop.admonter.com\/fr\/produkt\/noyer\/\">\n        <div class=\"product__aspect product__aspect--1x1\">\n            <div class=\"aspect__inner\">\n                                                        <img decoding=\"async\" class=\"product__image\" src=\"https:\/\/shop.admonter.com\/wp-content\/uploads\/sites\/2\/105894-Perspektive-470x470.jpg\"\n                         alt=\"105894 Perspektive\" loading=\"lazy\"\/>\n                            <\/div>\n        <\/div>\n        <div class=\"product__meta-container\">\n            <div>\n                <h3 class=\"product__title\">139155 | Noyer<\/h3>\n                                                                <span class=\"product__description\">Les lames sombres du noyer ont leur propre caract\u00e8re et se distinguent par leur grain, leurs nervures et leur structure. Les lames rustiques...<\/span>\n            <\/div>\n\n                                                    \n                                    <span class=\"product__price\">Commander des \u00e9chantillons parquet<\/span>\n                \n                    <\/div>\n    <\/a>\n<\/div>                    \n\n<div class=\"product__container\" filter-attributes=\"floors-fr\">\n    <a href=\"https:\/\/shop.admonter.com\/fr\/produkt\/sapin-blanc\/\">\n        <div class=\"product__aspect product__aspect--1x1\">\n            <div class=\"aspect__inner\">\n                                                        <img decoding=\"async\" class=\"product__image\" src=\"https:\/\/shop.admonter.com\/wp-content\/uploads\/sites\/2\/Tanne-weiss-persp-Small-470x470.jpg\"\n                         alt=\"Tanne wei\u00df persp (Small)\" loading=\"lazy\"\/>\n                            <\/div>\n        <\/div>\n        <div class=\"product__meta-container\">\n            <div>\n                <h3 class=\"product__title\">137445 | Sapin blanc<\/h3>\n                                                                <span class=\"product__description\">Les planchers de bois r\u00e9cup\u00e9r\u00e9s, intacts et fa\u00e7onn\u00e9s par la nature, sont tr\u00e8s populaires. Les lames rustiques conf\u00e8rent au bois un aspect tr...<\/span>\n            <\/div>\n\n                                                    \n                                    <span class=\"product__price\">Commander des \u00e9chantillons parquet<\/span>\n                \n                    <\/div>\n    <\/a>\n<\/div>                    \n\n<div class=\"product__container\" filter-attributes=\"floors-fr\">\n    <a href=\"https:\/\/shop.admonter.com\/fr\/produkt\/sapin\/\">\n        <div class=\"product__aspect product__aspect--1x1\">\n            <div class=\"aspect__inner\">\n                                                        <img decoding=\"async\" class=\"product__image\" src=\"https:\/\/shop.admonter.com\/wp-content\/uploads\/sites\/2\/Tanne-persp-Small-470x470.jpg\"\n                         alt=\"Tanne persp (Small)\" loading=\"lazy\"\/>\n                            <\/div>\n        <\/div>\n        <div class=\"product__meta-container\">\n            <div>\n                <h3 class=\"product__title\">137444 | Sapin<\/h3>\n                                                                <span class=\"product__description\">Les planchers de bois r\u00e9cup\u00e9r\u00e9s, intacts et fa\u00e7onn\u00e9s par la nature, sont tr\u00e8s populaires. Les lames rustiques conf\u00e8rent au bois un aspect tr...<\/span>\n            <\/div>\n\n                                                    \n                                    <span class=\"product__price\">Commander des \u00e9chantillons parquet<\/span>\n                \n                    <\/div>\n    <\/a>\n<\/div>                    \n\n<div class=\"product__container\" filter-attributes=\"floors-fr\">\n    <a href=\"https:\/\/shop.admonter.com\/fr\/produkt\/meleze-alba\/\">\n        <div class=\"product__aspect product__aspect--1x1\">\n            <div class=\"aspect__inner\">\n                                                        <img decoding=\"async\" class=\"product__image\" src=\"https:\/\/shop.admonter.com\/wp-content\/uploads\/sites\/2\/118839-Perspektive-470x470.jpg\"\n                         alt=\"118839 Perspektive\" loading=\"lazy\"\/>\n                            <\/div>\n        <\/div>\n        <div class=\"product__meta-container\">\n            <div>\n                <h3 class=\"product__title\">118839 | M\u00e9l\u00e8ze Alba<\/h3>\n                                                                <span class=\"product__description\">Avec la belle teinte blanche du m\u00e9l\u00e8ze Alba, nous apportons le style scandinave directement en Autriche. Les lames de l'assemblage naturelle...<\/span>\n            <\/div>\n\n                                                    \n                                    <span class=\"product__price\">Commander des \u00e9chantillons parquet<\/span>\n                \n                    <\/div>\n    <\/a>\n<\/div>                    \n\n<div class=\"product__container\" filter-attributes=\"floors-fr\">\n    <a href=\"https:\/\/shop.admonter.com\/fr\/produkt\/meleze-blanc\/\">\n        <div class=\"product__aspect product__aspect--1x1\">\n            <div class=\"aspect__inner\">\n                                                        <img decoding=\"async\" class=\"product__image\" src=\"https:\/\/shop.admonter.com\/wp-content\/uploads\/sites\/2\/118152-Perspektive-470x470.jpg\"\n                         alt=\"118152 Perspektive\" loading=\"lazy\"\/>\n                            <\/div>\n        <\/div>\n        <div class=\"product__meta-container\">\n            <div>\n                <h3 class=\"product__title\">118893 | M\u00e9l\u00e8ze blanc<\/h3>\n                                                                <span class=\"product__description\">Le populaire parquet m\u00e9l\u00e8ze blanc est l'un de nos talents naturels en termes de design. Les lames de l'assemblage naturelle ont une finition...<\/span>\n            <\/div>\n\n                                                    \n                                    <span class=\"product__price\">Commander des \u00e9chantillons parquet<\/span>\n                \n                    <\/div>\n    <\/a>\n<\/div>                    \n\n<div class=\"product__container\" filter-attributes=\"floors-fr\">\n    <a href=\"https:\/\/shop.admonter.com\/fr\/produkt\/meleze-natura\/\">\n        <div class=\"product__aspect product__aspect--1x1\">\n            <div class=\"aspect__inner\">\n                                                        <img decoding=\"async\" class=\"product__image\" src=\"https:\/\/shop.admonter.com\/wp-content\/uploads\/sites\/2\/Laerche-natura-naturelle-gebuerstet_persp-470x470.jpg\"\n                         alt=\"L\u00e4rche natura naturelle geb\u00fcrstet persp\" loading=\"lazy\"\/>\n                            <\/div>\n        <\/div>\n        <div class=\"product__meta-container\">\n            <div>\n                <h3 class=\"product__title\">120805 | M\u00e9l\u00e8ze Natura<\/h3>\n                                                                <span class=\"product__description\">Le M\u00e9l\u00e8ze Natura avec son aspect de bois brut natura semble avoir \u00e9t\u00e9 cr\u00e9\u00e9 par la nature, simplement d'une beaut\u00e9 intemporelle.Les lames de ...<\/span>\n            <\/div>\n\n                                                    \n                                    <span class=\"product__price\">Commander des \u00e9chantillons parquet<\/span>\n                \n                    <\/div>\n    <\/a>\n<\/div>                    \n\n<div class=\"product__container\" filter-attributes=\"floors-fr\">\n    <a href=\"https:\/\/shop.admonter.com\/fr\/produkt\/meleze\/\">\n        <div class=\"product__aspect product__aspect--1x1\">\n            <div class=\"aspect__inner\">\n                                                        <img decoding=\"async\" class=\"product__image\" src=\"https:\/\/shop.admonter.com\/wp-content\/uploads\/sites\/2\/118775-Perspektive-470x470.jpg\"\n                         alt=\"118775 Perspektive\" loading=\"lazy\"\/>\n                            <\/div>\n        <\/div>\n        <div class=\"product__meta-container\">\n            <div>\n                <h3 class=\"product__title\">118604 | M\u00e9l\u00e8ze<\/h3>\n                                                                <span class=\"product__description\">Le M\u00e9l\u00e8ze est un classique du bois tendre dans l'univers du parquet et il conf\u00e8re une touche de maison de campagne \u00e0 chaque espace de vie. L...<\/span>\n            <\/div>\n\n                                                    \n                                    <span class=\"product__price\">Commander des \u00e9chantillons parquet<\/span>\n                \n                    <\/div>\n    <\/a>\n<\/div>                    \n\n<div class=\"product__container\" filter-attributes=\"floors-fr\">\n    <a href=\"https:\/\/shop.admonter.com\/fr\/produkt\/meleze-lessive-blanc-naturelle\/\">\n        <div class=\"product__aspect product__aspect--1x1\">\n            <div class=\"aspect__inner\">\n                                                        <img decoding=\"async\" class=\"product__image\" src=\"https:\/\/shop.admonter.com\/wp-content\/uploads\/sites\/2\/118768-Perspektive-470x470.jpg\"\n                         alt=\"118768 Perspektive\" loading=\"lazy\"\/>\n                            <\/div>\n        <\/div>\n        <div class=\"product__meta-container\">\n            <div>\n                <h3 class=\"product__title\">118768 | M\u00e9l\u00e8ze lessiv\u00e9 blanc<\/h3>\n                                                                <span class=\"product__description\">Les 3 adjectifs chaleureux, naturel et \u00e9l\u00e9gant sont ceux qui d\u00e9crivent le mieux l'\u00e9l\u00e9gance du m\u00e9l\u00e8ze lessiv\u00e9 blanc. Les lames de l'assemblag...<\/span>\n            <\/div>\n\n                                                    \n                                    <span class=\"product__price\">Commander des \u00e9chantillons parquet<\/span>\n                \n                    <\/div>\n    <\/a>\n<\/div>                    \n\n<div class=\"product__container\" filter-attributes=\"floors-fr\">\n    <a href=\"https:\/\/shop.admonter.com\/fr\/produkt\/meleze-lessive-naturelle\/\">\n        <div class=\"product__aspect product__aspect--1x1\">\n            <div class=\"aspect__inner\">\n                                                        <img decoding=\"async\" class=\"product__image\" src=\"https:\/\/shop.admonter.com\/wp-content\/uploads\/sites\/2\/118906-Perspektive-470x470.jpg\"\n                         alt=\"118906 Perspektive\" loading=\"lazy\"\/>\n                            <\/div>\n        <\/div>\n        <div class=\"product__meta-container\">\n            <div>\n                <h3 class=\"product__title\">118906 | M\u00e9l\u00e8ze lessiv\u00e9<\/h3>\n                                                                <span class=\"product__description\">Avec son doux ton brun, le m\u00e9l\u00e8ze lessiv\u00e9 apporte calme et s\u00e9curit\u00e9 dans chaque maison. Les lames de l'assemblage naturelle ont une finition...<\/span>\n            <\/div>\n\n                                                    \n                                    <span class=\"product__price\">Commander des \u00e9chantillons parquet<\/span>\n                \n                    <\/div>\n    <\/a>\n<\/div>                    \n\n<div class=\"product__container\" filter-attributes=\"floors-fr\">\n    <a href=\"https:\/\/shop.admonter.com\/fr\/produkt\/meleze-a-lancienne-natura\/\">\n        <div class=\"product__aspect product__aspect--1x1\">\n            <div class=\"aspect__inner\">\n                                                        <img decoding=\"async\" class=\"product__image\" src=\"https:\/\/shop.admonter.com\/wp-content\/uploads\/sites\/2\/118336-Perspektive-470x470.jpg\"\n                         alt=\"118336 Perspektive\" loading=\"lazy\"\/>\n                            <\/div>\n        <\/div>\n        <div class=\"product__meta-container\">\n            <div>\n                <h3 class=\"product__title\">118336 | M\u00e9l\u00e8ze \u00e0 l&#8217;ancienne Natura<\/h3>\n                                                                <span class=\"product__description\">Les parquets non trait\u00e9s exercent une fascination tr\u00e8s particuli\u00e8re. Avec le m\u00e9l\u00e8ze \u00e0 l'ancienne Natura, nous avons essay\u00e9 de capturer cette...<\/span>\n            <\/div>\n\n                                                    \n                                    <span class=\"product__price\">Commander des \u00e9chantillons parquet<\/span>\n                \n                    <\/div>\n    <\/a>\n<\/div>                    \n\n<div class=\"product__container\" filter-attributes=\"floors-fr\">\n    <a href=\"https:\/\/shop.admonter.com\/fr\/produkt\/meleze-a-lancienne\/\">\n        <div class=\"product__aspect product__aspect--1x1\">\n            <div class=\"aspect__inner\">\n                                                        <img decoding=\"async\" class=\"product__image\" src=\"https:\/\/shop.admonter.com\/wp-content\/uploads\/sites\/2\/120166-Perspektive-470x470.jpg\"\n                         alt=\"120166 Perspektive\" loading=\"lazy\"\/>\n                            <\/div>\n        <\/div>\n        <div class=\"product__meta-container\">\n            <div>\n                <h3 class=\"product__title\">120166 | M\u00e9l\u00e8ze \u00e0 l&#8217;ancienne<\/h3>\n                                                                <span class=\"product__description\">La M\u00e9l\u00e8ze \u00e0 l'ancienne se distingue par son aspect et son toucher chaleureux. Il est av\u00e9r\u00e9 que les parquets en bois de m\u00e9l\u00e8ze, naturellement...<\/span>\n            <\/div>\n\n                                                    \n                                    <span class=\"product__price\">Commander des \u00e9chantillons parquet<\/span>\n                \n                    <\/div>\n    <\/a>\n<\/div>                    \n\n<div class=\"product__container\" filter-attributes=\"floors-fr\">\n    <a href=\"https:\/\/shop.admonter.com\/fr\/produkt\/meleze-grigio-naturelle\/\">\n        <div class=\"product__aspect product__aspect--1x1\">\n            <div class=\"aspect__inner\">\n                                                        <img decoding=\"async\" class=\"product__image\" src=\"https:\/\/shop.admonter.com\/wp-content\/uploads\/sites\/2\/119361-Perspektive-470x470.jpg\"\n                         alt=\"119361 Perspektive\" loading=\"lazy\"\/>\n                            <\/div>\n        <\/div>\n        <div class=\"product__meta-container\">\n            <div>\n                <h3 class=\"product__title\">119361 | M\u00e9l\u00e8ze Grigio<\/h3>\n                                                                <span class=\"product__description\">Le m\u00e9l\u00e8ze Grigio met parfaitement en valeur les dimensions uniformes gr\u00e2ce \u00e0 sa couleur particuli\u00e8re. Les lames de l'assemblage naturelle on...<\/span>\n            <\/div>\n\n                                                    \n                                    <span class=\"product__price\">Commander des \u00e9chantillons parquet<\/span>\n                \n                    <\/div>\n    <\/a>\n<\/div>                                \n\n<div class=\"product__container\" filter-attributes=\"nettoyage-entretien|cleaning-fr\">\n    <a href=\"https:\/\/shop.admonter.com\/fr\/produkt\/admonter-clean-care-1l\/\">\n        <div class=\"product__aspect product__aspect--1x1\">\n            <div class=\"aspect__inner\">\n                                                        <img decoding=\"async\" class=\"product__image\" src=\"https:\/\/shop.admonter.com\/wp-content\/uploads\/sites\/2\/Clean-Care-natur-1-L-2-470x470.jpg\"\n                         alt=\"\" loading=\"lazy\"\/>\n                            <\/div>\n        <\/div>\n        <div class=\"product__meta-container\">\n            <div>\n                <h3 class=\"product__title\">101037 | Admonter Clean &amp; Care, 1L<\/h3>\n                                                                <span class=\"product__description\">Admonter Clean &amp; Care pour un entretien pour parquets huil\u00e9 naturel et vernis mat.\r\n\r\n...<\/span>\n            <\/div>\n\n                                                                    <span class=\"product__price\">31.20 &euro; (TVA comprise)<\/span>\n                    <\/div>\n    <\/a>\n<\/div>                    \n\n<div class=\"product__container\" filter-attributes=\"nettoyage-entretien|cleaning-fr\">\n    <a href=\"https:\/\/shop.admonter.com\/fr\/produkt\/admonter-clean-care-blanc-1l\/\">\n        <div class=\"product__aspect product__aspect--1x1\">\n            <div class=\"aspect__inner\">\n                                                        <img decoding=\"async\" class=\"product__image\" src=\"https:\/\/shop.admonter.com\/wp-content\/uploads\/sites\/2\/101038-Perspektive-470x470.jpg\"\n                         alt=\"101038 Perspektive\" loading=\"lazy\"\/>\n                            <\/div>\n        <\/div>\n        <div class=\"product__meta-container\">\n            <div>\n                <h3 class=\"product__title\">101038 | Admonter Clean &amp; Care blanc, 1l<\/h3>\n                                                                <span class=\"product__description\">Admonter Clean &amp; Care pour un ENTRETIEN pour parquets huil\u00e9 naturel et vernis mat en BLANC.\r\n\u00a0\r\n<\/span>\n            <\/div>\n\n                                                                    <span class=\"product__price\">34.44 &euro; (TVA comprise)<\/span>\n                    <\/div>\n    <\/a>\n<\/div>                    \n\n<div class=\"product__container\" filter-attributes=\"nettoyage-entretien|care-fr\">\n    <a href=\"https:\/\/shop.admonter.com\/fr\/produkt\/admonter-huile-dentr\/\">\n        <div class=\"product__aspect product__aspect--1x1\">\n            <div class=\"aspect__inner\">\n                                                        <img decoding=\"async\" class=\"product__image\" src=\"https:\/\/shop.admonter.com\/wp-content\/uploads\/sites\/2\/101041-Perspektive-470x470.jpg\"\n                         alt=\"101041 Perspektive\" loading=\"lazy\"\/>\n                            <\/div>\n        <\/div>\n        <div class=\"product__meta-container\">\n            <div>\n                <h3 class=\"product__title\">101041 | Admonter Huile d\u2019entr<\/h3>\n                                                                <span class=\"product__description\">Admonter Huile d\u2019entr.:pour l\u2018ENTRETIEN des finitions huil\u00e9es naturelles et le renouvellementr\u00e9gulier des finitions huil\u00e9es n...<\/span>\n            <\/div>\n\n                                                                    <span class=\"product__price\">41.40 &euro; (TVA comprise)<\/span>\n                    <\/div>\n    <\/a>\n<\/div>                    \n\n<div class=\"product__container\" filter-attributes=\"nettoyage-entretien|care-fr\">\n    <a href=\"https:\/\/shop.admonter.com\/fr\/produkt\/admonter-huile-dentretien-blanc-1-l\/\">\n        <div class=\"product__aspect product__aspect--1x1\">\n            <div class=\"aspect__inner\">\n                                                        <img decoding=\"async\" class=\"product__image\" src=\"https:\/\/shop.admonter.com\/wp-content\/uploads\/sites\/2\/101042-Perspektive-470x470.jpg\"\n                         alt=\"101042 Perspektive\" loading=\"lazy\"\/>\n                            <\/div>\n        <\/div>\n        <div class=\"product__meta-container\">\n            <div>\n                <h3 class=\"product__title\">101042 | Admonter Huile d&#8217;entretien BLANC, 1 l<\/h3>\n                                                                <span class=\"product__description\">pour l\u2018ENTRETIEN des finitions huil\u00e9es naturelles blanches etl\u2018entretien et le renouvellement r\u00e9gulier des finitions huil\u00e9es nature...<\/span>\n            <\/div>\n\n                                                                    <span class=\"product__price\">43.92 &euro; (TVA comprise)<\/span>\n                    <\/div>\n    <\/a>\n<\/div>                    \n\n<div class=\"product__container\" filter-attributes=\"nettoyage-entretien|care-fr\">\n    <a href=\"https:\/\/shop.admonter.com\/fr\/produkt\/admonter-huile-dentretien-marron-1l\/\">\n        <div class=\"product__aspect product__aspect--1x1\">\n            <div class=\"aspect__inner\">\n                                                        <img decoding=\"async\" class=\"product__image\" src=\"https:\/\/shop.admonter.com\/wp-content\/uploads\/sites\/2\/101041-Perspektive-470x470.jpg\"\n                         alt=\"101041 Perspektive\" loading=\"lazy\"\/>\n                            <\/div>\n        <\/div>\n        <div class=\"product__meta-container\">\n            <div>\n                <h3 class=\"product__title\">121401 | Admonter Huile d\u2019entretien MARRON, 1l<\/h3>\n                                                                <span class=\"product__description\">Admonter Huile d\u2019entretien pour l\u2018ENTRETIEN des finitions MARRON huil\u00e9es naturelles et le renouvellement r\u00e9gulier des finitions huil\u00e9es natu...<\/span>\n            <\/div>\n\n                                                                    <span class=\"product__price\">48.36 &euro; (TVA comprise)<\/span>\n                    <\/div>\n    <\/a>\n<\/div>                    \n\n<div class=\"product__container\" filter-attributes=\"nettoyage-entretien|care-fr\">\n    <a href=\"https:\/\/shop.admonter.com\/fr\/produkt\/admonter-huile-dentretien-grey-1l\/\">\n        <div class=\"product__aspect product__aspect--1x1\">\n            <div class=\"aspect__inner\">\n                                                        <img decoding=\"async\" class=\"product__image\" src=\"https:\/\/shop.admonter.com\/wp-content\/uploads\/sites\/2\/101041-Perspektive-470x470.jpg\"\n                         alt=\"101041 Perspektive\" loading=\"lazy\"\/>\n                            <\/div>\n        <\/div>\n        <div class=\"product__meta-container\">\n            <div>\n                <h3 class=\"product__title\">127643 | Admonter Huile d\u2019entretien GREY, 1l<\/h3>\n                                                                <span class=\"product__description\">Admonter Huile d\u2019entretien pour l\u2018ENTRETIEN des finitions GREY huil\u00e9es naturelles et le renouvellement r\u00e9gulier des finitions huil\u00e9es nature...<\/span>\n            <\/div>\n\n                                                                    <span class=\"product__price\">48.36 &euro; (TVA comprise)<\/span>\n                    <\/div>\n    <\/a>\n<\/div>                    \n\n<div class=\"product__container\" filter-attributes=\"nettoyage-entretien|care-fr\">\n    <a href=\"https:\/\/shop.admonter.com\/fr\/produkt\/huile-dure-universelle-07-litre\/\">\n        <div class=\"product__aspect product__aspect--1x1\">\n            <div class=\"aspect__inner\">\n                                                        <img decoding=\"async\" class=\"product__image\" src=\"https:\/\/shop.admonter.com\/wp-content\/uploads\/sites\/2\/102280-Perspektive-470x470.jpg\"\n                         alt=\"102280 Perspektive\" loading=\"lazy\"\/>\n                            <\/div>\n        <\/div>\n        <div class=\"product__meta-container\">\n            <div>\n                <h3 class=\"product__title\">102280 | Huile dure universelle &#8211; 0,7 litre<\/h3>\n                                                                <span class=\"product__description\">pour le traitement initial ad\u00e9quat et le renouvellement permanent dessurfaces pro-care huil\u00e9es nature (Valeur appr.: 40-60 m2 e con...<\/span>\n            <\/div>\n\n                                                                    <span class=\"product__price\">35.52 &euro; (TVA comprise)<\/span>\n                    <\/div>\n    <\/a>\n<\/div>                    \n\n<div class=\"product__container\" filter-attributes=\"nettoyage-entretien|care-fr\">\n    <a href=\"https:\/\/shop.admonter.com\/fr\/produkt\/huile-blanc-dure-universelle-075-litre\/\">\n        <div class=\"product__aspect product__aspect--1x1\">\n            <div class=\"aspect__inner\">\n                                                        <img decoding=\"async\" class=\"product__image\" src=\"https:\/\/shop.admonter.com\/wp-content\/uploads\/sites\/2\/102280-Perspektive-470x470.jpg\"\n                         alt=\"102280 Perspektive\" loading=\"lazy\"\/>\n                            <\/div>\n        <\/div>\n        <div class=\"product__meta-container\">\n            <div>\n                <h3 class=\"product__title\">104084 | Huile BLANC dure universelle &#8211; 0,75 litre<\/h3>\n                                                                <span class=\"product__description\">pour le traitement initial ad\u00e9quat et le renouvellement permanent dessurfaces pro-care huil\u00e9es nature (Valeur appr.: 40-60 m2 e con...<\/span>\n            <\/div>\n\n                                                                    <span class=\"product__price\">37.08 &euro; (TVA comprise)<\/span>\n                    <\/div>\n    <\/a>\n<\/div>                    \n\n<div class=\"product__container\" filter-attributes=\"nettoyage-entretien|care-fr\">\n    <a href=\"https:\/\/shop.admonter.com\/fr\/produkt\/huile-de-reparation-admonter-30ml\/\">\n        <div class=\"product__aspect product__aspect--1x1\">\n            <div class=\"aspect__inner\">\n                                                        <img decoding=\"async\" class=\"product__image\" src=\"https:\/\/shop.admonter.com\/wp-content\/uploads\/sites\/2\/121292-Perspektive-470x470.jpg\"\n                         alt=\"121292 Perspektive\" loading=\"lazy\"\/>\n                            <\/div>\n        <\/div>\n        <div class=\"product__meta-container\">\n            <div>\n                <h3 class=\"product__title\">121292 | Huile de r\u00e9paration Admonter, 30ml<\/h3>\n                                                                <span class=\"product__description\">pour de petits travaux de r\u00e9paration, nous effectuons pour vous un m\u00e9lange d\u2018huil\u00e9s adapt\u00e9es \u00e0 la couleur de votre parquet. En l\u2018appliqua...<\/span>\n            <\/div>\n\n                                                                    <span class=\"product__price\">48.36 &euro; (TVA comprise)<\/span>\n                    <\/div>\n    <\/a>\n<\/div>                    \n\n<div class=\"product__container\" filter-attributes=\"nettoyage-entretien|cleaning-fr\">\n    <a href=\"https:\/\/shop.admonter.com\/fr\/produkt\/hydro-cleaner-pour-easy-care-pour-le-nettoyage-intensif-a-effectuer-uniquement-par-un-professionnel\/\">\n        <div class=\"product__aspect product__aspect--1x1\">\n            <div class=\"aspect__inner\">\n                                                        <img decoding=\"async\" class=\"product__image\" src=\"https:\/\/shop.admonter.com\/wp-content\/uploads\/sites\/2\/101046-Perspektive-470x470.jpg\"\n                         alt=\"101046 Perspektive\" loading=\"lazy\"\/>\n                            <\/div>\n        <\/div>\n        <div class=\"product__meta-container\">\n            <div>\n                <h3 class=\"product__title\">101046 | hydro cleaner pour EASY CARE pour le nettoyage intensif (\u00e0 effectuer uniquement par un professionnel!)<\/h3>\n                                                                <span class=\"product__description\">pour le nettoyage intensif (\u00e0 effectuer uniquement par un professionnel!)\r\n1 litre<\/span>\n            <\/div>\n\n                                                                    <span class=\"product__price\">45.24 &euro; (TVA comprise)<\/span>\n                    <\/div>\n    <\/a>\n<\/div>                                \n\n<div class=\"product__container\" filter-attributes=\"laying-fr\">\n    <a href=\"https:\/\/shop.admonter.com\/fr\/produkt\/sound-protect-eco-8-m2\/\">\n        <div class=\"product__aspect product__aspect--1x1\">\n            <div class=\"aspect__inner\">\n                                                        <img decoding=\"async\" class=\"product__image\" src=\"https:\/\/shop.admonter.com\/wp-content\/uploads\/sites\/2\/Sound-Protect-Eco-8-m2-470x399.jpg\"\n                         alt=\"Sound Protect Eco 8 m2\" loading=\"lazy\"\/>\n                            <\/div>\n        <\/div>\n        <div class=\"product__meta-container\">\n            <div>\n                <h3 class=\"product__title\">101232 | SOUND Protect Eco 8 m2<\/h3>\n                                                                <span class=\"product__description\">Dessous de caisse WINEO \u201eSound-Protect Eco\u201c: \u00c9paiss.: 2mm. Ce sous-plancher pour pose flottante\r\nd\u2018Admonter Floors se compose d\u2018un film de s...<\/span>\n            <\/div>\n\n                                                                    <span class=\"product__price\">92.76 &euro; (TVA comprise)<\/span>\n                    <\/div>\n    <\/a>\n<\/div>                    \n\n<div class=\"product__container\" filter-attributes=\"laying-fr\">\n    <a href=\"https:\/\/shop.admonter.com\/fr\/produkt\/spatule-pour-la-colle-pour-parquet\/\">\n        <div class=\"product__aspect product__aspect--1x1\">\n            <div class=\"aspect__inner\">\n                                                        <img decoding=\"async\" class=\"product__image\" src=\"https:\/\/shop.admonter.com\/wp-content\/uploads\/sites\/2\/Mutterspachtel22.jpg\"\n                         alt=\"Mutterspachtel22\" loading=\"lazy\"\/>\n                            <\/div>\n        <\/div>\n        <div class=\"product__meta-container\">\n            <div>\n                <h3 class=\"product__title\">101026 | Spatule pour la colle pour parquet<\/h3>\n                                                                <span class=\"product__description\">Spatule pour la colle pour parquet\r\ny compris rack B11<\/span>\n            <\/div>\n\n                                                                    <span class=\"product__price\">11.88 &euro; (TVA comprise)<\/span>\n                    <\/div>\n    <\/a>\n<\/div>                    \n\n<div class=\"product__container\" filter-attributes=\"laying-fr\">\n    <a href=\"https:\/\/shop.admonter.com\/fr\/produkt\/ruban-adhesif\/\">\n        <div class=\"product__aspect product__aspect--1x1\">\n            <div class=\"aspect__inner\">\n                                                        <img decoding=\"async\" class=\"product__image\" src=\"https:\/\/shop.admonter.com\/wp-content\/uploads\/sites\/2\/Klebeband22-1.jpg\"\n                         alt=\"Klebeband22 1\" loading=\"lazy\"\/>\n                            <\/div>\n        <\/div>\n        <div class=\"product__meta-container\">\n            <div>\n                <h3 class=\"product__title\">104092 | Ruban adh\u00e9sif<\/h3>\n                                                                <span class=\"product__description\">Ruban adh\u00e9sifpour Admonter Sous-Couche. Pour la liaison des laies entre elles.66 mc. par rouleau<\/span>\n            <\/div>\n\n                                                                    <span class=\"product__price\">7.08 &euro; (TVA comprise)<\/span>\n                    <\/div>\n    <\/a>\n<\/div>                    \n\n<div class=\"product__container\" filter-attributes=\"laying-fr\">\n    <a href=\"https:\/\/shop.admonter.com\/fr\/produkt\/floorliner\/\">\n        <div class=\"product__aspect product__aspect--1x1\">\n            <div class=\"aspect__inner\">\n                                                        <img decoding=\"async\" class=\"product__image\" src=\"https:\/\/shop.admonter.com\/wp-content\/uploads\/sites\/2\/101054-Perspektive.jpg\"\n                         alt=\"101054 Perspektive\" loading=\"lazy\"\/>\n                            <\/div>\n        <\/div>\n        <div class=\"product__meta-container\">\n            <div>\n                <h3 class=\"product__title\">101054 | Floorliner<\/h3>\n                                                                <span class=\"product__description\">Floorlinerprotection s\u00fbre et efficace par un tissus de haute qualit\u00e9 (\u00e9paisseur 1,5 mm, largeur 1m)couverture du sol apr\u00e8s la...<\/span>\n            <\/div>\n\n                                                                    <span class=\"product__price\">252.00 &euro; (TVA comprise)<\/span>\n                    <\/div>\n    <\/a>\n<\/div>            <\/div>\n\n    <div class=\"product-grid__after-products\">\n        <button class=\"product-grid__load-more\">\n            <div style=\"display: flex;\">Voir plus\n                <img decoding=\"async\" id=\"product-grid--load-more-loader\" style=\"margin-left: 15px;\" height=\"18px\" width=\"18px\"\n                     src=\"https:\/\/cdn.lightcyde.agency\/gifs\/loader\/loader-1.gif\"\/>\n            <\/div>\n        <\/button>\n    <\/div>\n\t\t\t\t<\/div>\n\t\t\t\t<\/div>\n\t\t\t\t\t<\/div>\n\t\t<\/div>\n\t\t\t\t\t<\/div>\n\t\t<\/section>\n\t\t\t\t<\/div>\n\t\t","protected":false},"excerpt":{"rendered":"<p>Reinigung &amp; Pflege Reinigung Pflege Verlegezubeh\u00f6r Die Produkte werden geladen 112797 | Noyer U.S., rustic, 2000 &times; 138 &times; 15 mm, Rustic Les lames fonc\u00e9s du Noyer U.S. ont leur propre caract\u00e8re et se caract\u00e9risent par leur grain et leur structure. La forte croissance et les di&#8230; 59.70 &euro;\/m&#178; (exkl. MwSt.) | Erable canadien, 1000 [&hellip;]<\/p>\n","protected":false},"author":1,"featured_media":0,"parent":0,"menu_order":0,"comment_status":"closed","ping_status":"closed","template":"page-templates\/page_header-image.php","meta":{"_acf_changed":false,"footnotes":""},"class_list":["post-3878","page","type-page","status-publish","hentry"],"acf":[],"yoast_head":"<!-- This site is optimized with the Yoast SEO Premium plugin v20.8 (Yoast SEO v26.8) - https:\/\/yoast.com\/product\/yoast-seo-premium-wordpress\/ -->\n<title>Admonter boutique en ligne<\/title>\n<meta name=\"description\" content=\"Un bois issu d&#039;une sylviculture durable, un travail de qualit\u00e9 contr\u00f4l\u00e9 \u00e0 la main et un design intemporel qui cr\u00e9e partout une atmosph\u00e8re chaleureuse.\" \/>\n<meta name=\"robots\" content=\"index, follow, max-snippet:-1, max-image-preview:large, max-video-preview:-1\" \/>\n<link rel=\"canonical\" href=\"https:\/\/shop.admonter.com\/fr\/\" \/>\n<meta property=\"og:locale\" content=\"fr_FR\" \/>\n<meta property=\"og:type\" content=\"article\" \/>\n<meta property=\"og:title\" content=\"Admonter boutique en ligne\" \/>\n<meta property=\"og:description\" content=\"Un bois issu d&#039;une sylviculture durable, un travail de qualit\u00e9 contr\u00f4l\u00e9 \u00e0 la main et un design intemporel qui cr\u00e9e partout une atmosph\u00e8re chaleureuse.\" \/>\n<meta property=\"og:url\" content=\"https:\/\/shop.admonter.com\/fr\/\" \/>\n<meta property=\"og:site_name\" content=\"Admonter Webshop\" \/>\n<meta property=\"article:modified_time\" content=\"2025-06-17T09:02:45+00:00\" \/>\n<meta property=\"og:image\" content=\"https:\/\/cdn.lightcyde.agency\/gifs\/loader\/loader-1.gif\" \/>\n<meta name=\"twitter:card\" content=\"summary_large_image\" \/>\n<meta name=\"twitter:label1\" content=\"Dur\u00e9e de lecture estim\u00e9e\" \/>\n\t<meta name=\"twitter:data1\" content=\"9 minutes\" \/>\n<script type=\"application\/ld+json\" class=\"yoast-schema-graph\">{\"@context\":\"https:\/\/schema.org\",\"@graph\":[{\"@type\":\"WebPage\",\"@id\":\"https:\/\/shop.admonter.com\/fr\/\",\"url\":\"https:\/\/shop.admonter.com\/fr\/\",\"name\":\"Admonter boutique en ligne\",\"isPartOf\":{\"@id\":\"https:\/\/shop.admonter.com\/fr\/#website\"},\"primaryImageOfPage\":{\"@id\":\"https:\/\/shop.admonter.com\/fr\/#primaryimage\"},\"image\":{\"@id\":\"https:\/\/shop.admonter.com\/fr\/#primaryimage\"},\"thumbnailUrl\":\"https:\/\/cdn.lightcyde.agency\/gifs\/loader\/loader-1.gif\",\"datePublished\":\"2020-04-14T11:41:58+00:00\",\"dateModified\":\"2025-06-17T09:02:45+00:00\",\"description\":\"Un bois issu d'une sylviculture durable, un travail de qualit\u00e9 contr\u00f4l\u00e9 \u00e0 la main et un design intemporel qui cr\u00e9e partout une atmosph\u00e8re chaleureuse.\",\"breadcrumb\":{\"@id\":\"https:\/\/shop.admonter.com\/fr\/#breadcrumb\"},\"inLanguage\":\"fr-FR\",\"potentialAction\":[{\"@type\":\"ReadAction\",\"target\":[\"https:\/\/shop.admonter.com\/fr\/\"]}]},{\"@type\":\"ImageObject\",\"inLanguage\":\"fr-FR\",\"@id\":\"https:\/\/shop.admonter.com\/fr\/#primaryimage\",\"url\":\"https:\/\/cdn.lightcyde.agency\/gifs\/loader\/loader-1.gif\",\"contentUrl\":\"https:\/\/cdn.lightcyde.agency\/gifs\/loader\/loader-1.gif\"},{\"@type\":\"BreadcrumbList\",\"@id\":\"https:\/\/shop.admonter.com\/fr\/#breadcrumb\",\"itemListElement\":[{\"@type\":\"ListItem\",\"position\":1,\"name\":\"Page d'accueil\",\"item\":\"https:\/\/shop.admonter.com\/fr\/\"},{\"@type\":\"ListItem\",\"position\":2,\"name\":\"Admonter boutique en ligne\"}]},{\"@type\":\"WebSite\",\"@id\":\"https:\/\/shop.admonter.com\/fr\/#website\",\"url\":\"https:\/\/shop.admonter.com\/fr\/\",\"name\":\"Admonter Webshop\",\"description\":\"Natures favourite designer\",\"publisher\":{\"@id\":\"https:\/\/shop.admonter.com\/fr\/#organization\"},\"potentialAction\":[{\"@type\":\"SearchAction\",\"target\":{\"@type\":\"EntryPoint\",\"urlTemplate\":\"https:\/\/shop.admonter.com\/fr\/?s={search_term_string}\"},\"query-input\":{\"@type\":\"PropertyValueSpecification\",\"valueRequired\":true,\"valueName\":\"search_term_string\"}}],\"inLanguage\":\"fr-FR\"},{\"@type\":\"Organization\",\"@id\":\"https:\/\/shop.admonter.com\/fr\/#organization\",\"name\":\"Admonter Holzindustrie AG\",\"url\":\"https:\/\/shop.admonter.com\/fr\/\",\"logo\":{\"@type\":\"ImageObject\",\"inLanguage\":\"fr-FR\",\"@id\":\"https:\/\/shop.admonter.com\/fr\/#\/schema\/logo\/image\/\",\"url\":\"https:\/\/shop.admonter.com\/wp-content\/uploads\/sites\/2\/admonter_logo.png\",\"contentUrl\":\"https:\/\/shop.admonter.com\/wp-content\/uploads\/sites\/2\/admonter_logo.png\",\"width\":592,\"height\":100,\"caption\":\"Admonter Holzindustrie AG\"},\"image\":{\"@id\":\"https:\/\/shop.admonter.com\/fr\/#\/schema\/logo\/image\/\"}}]}<\/script>\n<!-- \/ Yoast SEO Premium plugin. -->","yoast_head_json":{"title":"Admonter boutique en ligne","description":"Un bois issu d'une sylviculture durable, un travail de qualit\u00e9 contr\u00f4l\u00e9 \u00e0 la main et un design intemporel qui cr\u00e9e partout une atmosph\u00e8re chaleureuse.","robots":{"index":"index","follow":"follow","max-snippet":"max-snippet:-1","max-image-preview":"max-image-preview:large","max-video-preview":"max-video-preview:-1"},"canonical":"https:\/\/shop.admonter.com\/fr\/","og_locale":"fr_FR","og_type":"article","og_title":"Admonter boutique en ligne","og_description":"Un bois issu d'une sylviculture durable, un travail de qualit\u00e9 contr\u00f4l\u00e9 \u00e0 la main et un design intemporel qui cr\u00e9e partout une atmosph\u00e8re chaleureuse.","og_url":"https:\/\/shop.admonter.com\/fr\/","og_site_name":"Admonter Webshop","article_modified_time":"2025-06-17T09:02:45+00:00","og_image":[{"url":"https:\/\/cdn.lightcyde.agency\/gifs\/loader\/loader-1.gif","type":"","width":"","height":""}],"twitter_card":"summary_large_image","twitter_misc":{"Dur\u00e9e de lecture estim\u00e9e":"9 minutes"},"schema":{"@context":"https:\/\/schema.org","@graph":[{"@type":"WebPage","@id":"https:\/\/shop.admonter.com\/fr\/","url":"https:\/\/shop.admonter.com\/fr\/","name":"Admonter boutique en ligne","isPartOf":{"@id":"https:\/\/shop.admonter.com\/fr\/#website"},"primaryImageOfPage":{"@id":"https:\/\/shop.admonter.com\/fr\/#primaryimage"},"image":{"@id":"https:\/\/shop.admonter.com\/fr\/#primaryimage"},"thumbnailUrl":"https:\/\/cdn.lightcyde.agency\/gifs\/loader\/loader-1.gif","datePublished":"2020-04-14T11:41:58+00:00","dateModified":"2025-06-17T09:02:45+00:00","description":"Un bois issu d'une sylviculture durable, un travail de qualit\u00e9 contr\u00f4l\u00e9 \u00e0 la main et un design intemporel qui cr\u00e9e partout une atmosph\u00e8re chaleureuse.","breadcrumb":{"@id":"https:\/\/shop.admonter.com\/fr\/#breadcrumb"},"inLanguage":"fr-FR","potentialAction":[{"@type":"ReadAction","target":["https:\/\/shop.admonter.com\/fr\/"]}]},{"@type":"ImageObject","inLanguage":"fr-FR","@id":"https:\/\/shop.admonter.com\/fr\/#primaryimage","url":"https:\/\/cdn.lightcyde.agency\/gifs\/loader\/loader-1.gif","contentUrl":"https:\/\/cdn.lightcyde.agency\/gifs\/loader\/loader-1.gif"},{"@type":"BreadcrumbList","@id":"https:\/\/shop.admonter.com\/fr\/#breadcrumb","itemListElement":[{"@type":"ListItem","position":1,"name":"Page d'accueil","item":"https:\/\/shop.admonter.com\/fr\/"},{"@type":"ListItem","position":2,"name":"Admonter boutique en ligne"}]},{"@type":"WebSite","@id":"https:\/\/shop.admonter.com\/fr\/#website","url":"https:\/\/shop.admonter.com\/fr\/","name":"Admonter Webshop","description":"Natures favourite designer","publisher":{"@id":"https:\/\/shop.admonter.com\/fr\/#organization"},"potentialAction":[{"@type":"SearchAction","target":{"@type":"EntryPoint","urlTemplate":"https:\/\/shop.admonter.com\/fr\/?s={search_term_string}"},"query-input":{"@type":"PropertyValueSpecification","valueRequired":true,"valueName":"search_term_string"}}],"inLanguage":"fr-FR"},{"@type":"Organization","@id":"https:\/\/shop.admonter.com\/fr\/#organization","name":"Admonter Holzindustrie AG","url":"https:\/\/shop.admonter.com\/fr\/","logo":{"@type":"ImageObject","inLanguage":"fr-FR","@id":"https:\/\/shop.admonter.com\/fr\/#\/schema\/logo\/image\/","url":"https:\/\/shop.admonter.com\/wp-content\/uploads\/sites\/2\/admonter_logo.png","contentUrl":"https:\/\/shop.admonter.com\/wp-content\/uploads\/sites\/2\/admonter_logo.png","width":592,"height":100,"caption":"Admonter Holzindustrie AG"},"image":{"@id":"https:\/\/shop.admonter.com\/fr\/#\/schema\/logo\/image\/"}}]}},"_links":{"self":[{"href":"https:\/\/shop.admonter.com\/fr\/wp-json\/wp\/v2\/pages\/3878","targetHints":{"allow":["GET"]}}],"collection":[{"href":"https:\/\/shop.admonter.com\/fr\/wp-json\/wp\/v2\/pages"}],"about":[{"href":"https:\/\/shop.admonter.com\/fr\/wp-json\/wp\/v2\/types\/page"}],"author":[{"embeddable":true,"href":"https:\/\/shop.admonter.com\/fr\/wp-json\/wp\/v2\/users\/1"}],"replies":[{"embeddable":true,"href":"https:\/\/shop.admonter.com\/fr\/wp-json\/wp\/v2\/comments?post=3878"}],"version-history":[{"count":3,"href":"https:\/\/shop.admonter.com\/fr\/wp-json\/wp\/v2\/pages\/3878\/revisions"}],"predecessor-version":[{"id":19517,"href":"https:\/\/shop.admonter.com\/fr\/wp-json\/wp\/v2\/pages\/3878\/revisions\/19517"}],"wp:attachment":[{"href":"https:\/\/shop.admonter.com\/fr\/wp-json\/wp\/v2\/media?parent=3878"}],"curies":[{"name":"wp","href":"https:\/\/api.w.org\/{rel}","templated":true}]}}