{"id":7113,"date":"2020-04-14T13:41:58","date_gmt":"2020-04-14T11:41:58","guid":{"rendered":"https:\/\/shop.admonter.com\/admonter-shop\/"},"modified":"2025-06-17T11:05:00","modified_gmt":"2025-06-17T09:05:00","slug":"admonter-shop","status":"publish","type":"page","link":"https:\/\/shop.admonter.com\/es\/","title":{"rendered":"Admonter Shop"},"content":{"rendered":"\t\t<div data-elementor-type=\"wp-page\" data-elementor-id=\"7113\" class=\"elementor elementor-7113 elementor-343\" data-elementor-post-type=\"page\">\n\t\t\t\t\t\t<section class=\"elementor-section elementor-top-section elementor-element elementor-element-d4b1ce0 elementor-section-height-min-height product-grid__elementor-outer elementor-section-boxed elementor-section-height-default elementor-section-items-middle\" data-id=\"d4b1ce0\" data-element_type=\"section\" id=\"product-grid\">\n\t\t\t\t\t\t<div class=\"elementor-container elementor-column-gap-no\">\n\t\t\t\t\t<div class=\"elementor-column elementor-col-100 elementor-top-column elementor-element elementor-element-7af2f6a\" data-id=\"7af2f6a\" data-element_type=\"column\">\n\t\t\t<div class=\"elementor-widget-wrap elementor-element-populated\">\n\t\t\t\t\t\t<div class=\"elementor-element elementor-element-b0befdf elementor-widget elementor-widget-ProductGridNew\" data-id=\"b0befdf\" data-element_type=\"widget\" data-widget_type=\"ProductGridNew.default\">\n\t\t\t\t<div class=\"elementor-widget-container\">\n\t\t\t\t\t    <div class=\"product-grid__filterbar\">\n                    <div class=\"product-grid__filter-outer\">\n                <a class=\"product-grid__filter product-grid__filter--parent active\"\n                   href=\"#\"\n                   active-filter-attribute=\"floors\"\n                   filter-attribute=\"floors-es\">Admonter muestras FLOORs<\/a>\n                            <\/div>\n                    <div class=\"product-grid__filter-outer\">\n                <a class=\"product-grid__filter product-grid__filter--parent \"\n                   href=\"#\"\n                   active-filter-attribute=\"maintenance-care\"\n                   filter-attribute=\"limpieza-y-mantenimiento\">Limpieza Y Mantenimiento<\/a>\n                                    <div class=\"product-grid__filter-children\">\n                                                    <a class=\"product-grid__filter product-grid__filter--child\" href=\"#\"\n                               filter-attribute=\"cleaning-es\">Limpieza<\/a>\n                                                    <a class=\"product-grid__filter product-grid__filter--child\" href=\"#\"\n                               filter-attribute=\"care-es\">Mantenimiento<\/a>\n                                            <\/div>\n                            <\/div>\n                    <div class=\"product-grid__filter-outer\">\n                <a class=\"product-grid__filter product-grid__filter--parent \"\n                   href=\"#\"\n                   active-filter-attribute=\"verlegezubehoer\"\n                   filter-attribute=\"instalacion\">instalaci\u00f3n<\/a>\n                            <\/div>\n            <\/div>\n\n    <div class=\"product-grid__loader\">\n        <div class=\"product-grid__loader--inner\">\n            <p style=\"margin-right: 20px\">Cargando<\/p>\n            <img decoding=\"async\" height=\"18px\" width=\"18px\" src=\"https:\/\/cdn.lightcyde.agency\/gifs\/loader\/loader-1.gif\"\/>\n        <\/div>\n    <\/div>\n\n<div class=\"product-grid__container\">\n                        \n\n<div class=\"product__container\" filter-attributes=\"floors-es\">\n    <a href=\"https:\/\/shop.admonter.com\/es\/produkt\/roble-superbianco\/\">\n        <div class=\"product__aspect product__aspect--1x1\">\n            <div class=\"aspect__inner\">\n                                                        <img decoding=\"async\" class=\"product__image\" src=\"https:\/\/shop.admonter.com\/wp-content\/uploads\/sites\/2\/Eiche-superbianco-elegance-gebuerstet-EC-Perspektive-425x470.jpg\"\n                         alt=\"Eiche superbianco elegance geb\u00fcrstet EC Perspektive\" loading=\"lazy\"\/>\n                            <\/div>\n        <\/div>\n        <div class=\"product__meta-container\">\n            <div>\n                <h3 class=\"product__title\">110079 | Roble superbianco<\/h3>\n                                                                <span class=\"product__description\">Con su color claro y aspecto natural, el suelo llama la atenci\u00f3n en cualquier espacio. Los tablones \u00abBasic\u00bb presentan nudos naturales con...<\/span>\n            <\/div>\n\n                                                    \n                                    <span class=\"product__price\">Pedir muestras parquet<\/span>\n                \n                    <\/div>\n    <\/a>\n<\/div>                    \n\n<div class=\"product__container\" filter-attributes=\"floors-es|floorsample-es\">\n    <a href=\"https:\/\/shop.admonter.com\/es\/produkt\/roble-marshal-basic-15x192x2000mm\/\">\n        <div class=\"product__aspect product__aspect--1x1\">\n            <div class=\"aspect__inner\">\n                                                        <img decoding=\"async\" class=\"product__image\" src=\"https:\/\/shop.admonter.com\/wp-content\/uploads\/sites\/2\/Eiche-Marshal-basic-used-natur-geoelt_persp-425x470.jpg\"\n                         alt=\"Eiche Marshal basic used natur geoelt persp\" loading=\"lazy\"\/>\n                            <\/div>\n        <\/div>\n        <div class=\"product__meta-container\">\n            <div>\n                <h3 class=\"product__title\">110181 | Roble Marshal<\/h3>\n                                                                <span class=\"product__description\">El tono claro y el intenso cepillado cruzado parcial dan al roble Marshal un aspecto especial y gran personalidad. Los tablones \u00abBasic\u00bb p...<\/span>\n            <\/div>\n\n                                                    \n                                    <span class=\"product__price\">Pedir muestras parquet<\/span>\n                \n                    <\/div>\n    <\/a>\n<\/div>                    \n\n<div class=\"product__container\" filter-attributes=\"floors-es\">\n    <a href=\"https:\/\/shop.admonter.com\/es\/produkt\/roble-blanco-basic-15x192x2400mm-2\/\">\n        <div class=\"product__aspect product__aspect--1x1\">\n            <div class=\"aspect__inner\">\n                                                        <img decoding=\"async\" class=\"product__image\" src=\"https:\/\/shop.admonter.com\/wp-content\/uploads\/sites\/2\/Eiche-weiss-basic-gebuerstet-natur-geoelt_persp-1-470x470.jpg\"\n                         alt=\"Eiche weiss basic gebuerstet natur geoelt persp\" loading=\"lazy\"\/>\n                            <\/div>\n        <\/div>\n        <div class=\"product__meta-container\">\n            <div>\n                <h3 class=\"product__title\">106363 | Roble blanco<\/h3>\n                                                                <span class=\"product__description\">El tono blanco, algo m\u00e1s fr\u00edo, del roble blanco da un toque de nobleza a cada espacio. Los tablones \u00abBasic\u00bb presentan nudos naturales con...<\/span>\n            <\/div>\n\n                                                    \n                                    <span class=\"product__price\">Pedir muestras parquet<\/span>\n                \n                    <\/div>\n    <\/a>\n<\/div>                    \n\n<div class=\"product__container\" filter-attributes=\"floors-es\">\n    <a href=\"https:\/\/shop.admonter.com\/es\/produkt\/roble-stone-naturelle-15x192x2400mm\/\">\n        <div class=\"product__aspect product__aspect--1x1\">\n            <div class=\"aspect__inner\">\n                                                        <img decoding=\"async\" class=\"product__image\" src=\"https:\/\/shop.admonter.com\/wp-content\/uploads\/sites\/2\/115756-Perspektive-470x470.jpg\"\n                         alt=\"115756 Perspektive\" loading=\"lazy\"\/>\n                            <\/div>\n        <\/div>\n        <div class=\"product__meta-container\">\n            <div>\n                <h3 class=\"product__title\">115756 | Roble stone<\/h3>\n                                                                <span class=\"product__description\">El roble stone es uno de nuestros suelos cl\u00e1sicos y, con sus tonos claros y oscuros, confiere a cada habitaci\u00f3n un ambiente noble y escan...<\/span>\n            <\/div>\n\n                                                    \n                                    <span class=\"product__price\">Pedir muestras parquet<\/span>\n                \n                    <\/div>\n    <\/a>\n<\/div>                    \n\n<div class=\"product__container\" filter-attributes=\"floors-es\">\n    <a href=\"https:\/\/shop.admonter.com\/es\/produkt\/roble-natura-rustic-15x192x2400mm\/\">\n        <div class=\"product__aspect product__aspect--1x1\">\n            <div class=\"aspect__inner\">\n                                                        <img decoding=\"async\" class=\"product__image\" src=\"https:\/\/shop.admonter.com\/wp-content\/uploads\/sites\/2\/Eiche-NATURA-basic-gebuerstet-EC-Perspektive-470x470.jpg\"\n                         alt=\"Eiche NATURA basic geb\u00fcrstet EC Perspektive\" loading=\"lazy\"\/>\n                            <\/div>\n        <\/div>\n        <div class=\"product__meta-container\">\n            <div>\n                <h3 class=\"product__title\">115774 | Roble Natura<\/h3>\n                                                                <span class=\"product__description\">El roble natura ejerce un poder fascinante con su aspecto de suelo sin tratar. Las tarimas de la clase \u00abRustic\u00bb dan como resultado una im...<\/span>\n            <\/div>\n\n                                                    \n                                    <span class=\"product__price\">Pedir muestras parquet<\/span>\n                \n                    <\/div>\n    <\/a>\n<\/div>                    \n\n<div class=\"product__container\" filter-attributes=\"floors-es|floorsample-es\">\n    <a href=\"https:\/\/shop.admonter.com\/es\/produkt\/roble-prairie-c1976-rustic-15x192x2000mm\/\">\n        <div class=\"product__aspect product__aspect--1x1\">\n            <div class=\"aspect__inner\">\n                                                        <img decoding=\"async\" class=\"product__image\" src=\"https:\/\/shop.admonter.com\/wp-content\/uploads\/sites\/2\/Eiche-Prairie-basic-used-natur-geoelt_persp-1-425x470.jpg\"\n                         alt=\"Eiche Prairie basic used natur geoelt persp\" loading=\"lazy\"\/>\n                            <\/div>\n        <\/div>\n        <div class=\"product__meta-container\">\n            <div>\n                <h3 class=\"product__title\">110191 | Roble Prairie C1976<\/h3>\n                                                                <span class=\"product__description\">Debido al agradable tono claro del suelo y al cepillado parcial cruzado, el roble Prairie es una fiesta para los ojos de todos los amantes d...<\/span>\n            <\/div>\n\n                                                    \n                                    <span class=\"product__price\">Pedir muestras parquet<\/span>\n                \n                    <\/div>\n    <\/a>\n<\/div>                    \n\n<div class=\"product__container\" filter-attributes=\"floors-es\">\n    <a href=\"https:\/\/shop.admonter.com\/es\/produkt\/eiche-salis-basic-15x192x2400mm\/\">\n        <div class=\"product__aspect product__aspect--1x1\">\n            <div class=\"aspect__inner\">\n                                                        <img decoding=\"async\" class=\"product__image\" src=\"https:\/\/shop.admonter.com\/wp-content\/uploads\/sites\/2\/107205-Perspektive-470x470.jpg\"\n                         alt=\"107205 Perspektive\" loading=\"lazy\"\/>\n                            <\/div>\n        <\/div>\n        <div class=\"product__meta-container\">\n            <div>\n                <h3 class=\"product__title\">107205 | Roble Salis<\/h3>\n                                                                <span class=\"product__description\">Sus caracter\u00edsticas y ventajas individuales se acent\u00faan con el ligero ahumado. Los tablones \u00abBasic\u00bb presentan nudos naturales con un patr...<\/span>\n            <\/div>\n\n                                                    \n                                    <span class=\"product__price\">Pedir muestras parquet<\/span>\n                \n                    <\/div>\n    <\/a>\n<\/div>                    \n\n<div class=\"product__container\" filter-attributes=\"floors-es\">\n    <a href=\"https:\/\/shop.admonter.com\/es\/produkt\/roble-sanjo-puro-13x158x2000mm\/\">\n        <div class=\"product__aspect product__aspect--1x1\">\n            <div class=\"aspect__inner\">\n                                                        <img decoding=\"async\" class=\"product__image\" src=\"https:\/\/shop.admonter.com\/wp-content\/uploads\/sites\/2\/112049-Perspektive-470x470.jpg\"\n                         alt=\"112049 Perspektive\" loading=\"lazy\"\/>\n                            <\/div>\n        <\/div>\n        <div class=\"product__meta-container\">\n            <div>\n                <h3 class=\"product__title\">139363 | Roble Sanjo<\/h3>\n                                                                <span class=\"product__description\">La madera tintado escura hace revivir la naturaleza en el interior del hogar gracias a sus tonos naturales. Los tablones de madera pura p...<\/span>\n            <\/div>\n\n                                                    \n                                    <span class=\"product__price\">Pedir muestras parquet<\/span>\n                \n                    <\/div>\n    <\/a>\n<\/div>                    \n\n<div class=\"product__container\" filter-attributes=\"floors-es\">\n    <a href=\"https:\/\/shop.admonter.com\/es\/produkt\/roble-seta-2019\/\">\n        <div class=\"product__aspect product__aspect--1x1\">\n            <div class=\"aspect__inner\">\n                                                        <img decoding=\"async\" class=\"product__image\" src=\"https:\/\/shop.admonter.com\/wp-content\/uploads\/sites\/2\/Eiche-Seta_basic-1-470x470.jpg\"\n                         alt=\"Eiche Seta basic\" loading=\"lazy\"\/>\n                            <\/div>\n        <\/div>\n        <div class=\"product__meta-container\">\n            <div>\n                <h3 class=\"product__title\">119553 | Roble Seta 2019<\/h3>\n                                                                <span class=\"product__description\">El suelo ahumado emana un estilo alpino que despierta la naturaleza en todas sus tonalidades. Los tablones \u00abBasic\u00bb presentan nudos natura...<\/span>\n            <\/div>\n\n                                                    \n                                    <span class=\"product__price\">Pedir muestras parquet<\/span>\n                \n                    <\/div>\n    <\/a>\n<\/div>                    \n\n<div class=\"product__container\" filter-attributes=\"floors-es\">\n    <a href=\"https:\/\/shop.admonter.com\/es\/produkt\/roble-lapis-basic-15x192x2400mm\/\">\n        <div class=\"product__aspect product__aspect--1x1\">\n            <div class=\"aspect__inner\">\n                                                        <img decoding=\"async\" class=\"product__image\" src=\"https:\/\/shop.admonter.com\/wp-content\/uploads\/sites\/2\/106185-Perspektive-470x470.jpg\"\n                         alt=\"106185 Perspektive\" loading=\"lazy\"\/>\n                            <\/div>\n        <\/div>\n        <div class=\"product__meta-container\">\n            <div>\n                <h3 class=\"product__title\">106185 | Roble Lapis<\/h3>\n                                                                <span class=\"product__description\">Viveza, car\u00e1cter e indudable belleza. Los tablones \u00abBasic\u00bb presentan nudos naturales con un patr\u00f3n equilibrado.<\/span>\n            <\/div>\n\n                                                    \n                                    <span class=\"product__price\">Pedir muestras parquet<\/span>\n                \n                    <\/div>\n    <\/a>\n<\/div>                    \n\n<div class=\"product__container\" filter-attributes=\"floors-es\">\n    <a href=\"https:\/\/shop.admonter.com\/es\/produkt\/roble-ignis-rustic-15x192x2400mm\/\">\n        <div class=\"product__aspect product__aspect--1x1\">\n            <div class=\"aspect__inner\">\n                                                        <img decoding=\"async\" class=\"product__image\" src=\"https:\/\/shop.admonter.com\/wp-content\/uploads\/sites\/2\/106480-Perspektive-470x470.jpg\"\n                         alt=\"106480 Perspektive\" loading=\"lazy\"\/>\n                            <\/div>\n        <\/div>\n        <div class=\"product__meta-container\">\n            <div>\n                <h3 class=\"product__title\">106480 | Roble Ignis<\/h3>\n                                                                <span class=\"product__description\">Con su superficie ahumada, el suelo presenta un tono m\u00e1s oscuro y profundo, lo que proporciona un ambiente moderno y natural. Las tarimas de...<\/span>\n            <\/div>\n\n                                                    \n                                    <span class=\"product__price\">Pedir muestras parquet<\/span>\n                \n                    <\/div>\n    <\/a>\n<\/div>                    \n\n<div class=\"product__container\" filter-attributes=\"floors-es\">\n    <a href=\"https:\/\/shop.admonter.com\/es\/produkt\/roble-aurum\/\">\n        <div class=\"product__aspect product__aspect--1x1\">\n            <div class=\"aspect__inner\">\n                                                        <img decoding=\"async\" class=\"product__image\" src=\"https:\/\/shop.admonter.com\/wp-content\/uploads\/sites\/2\/110171-Perspektive-470x470.jpg\"\n                         alt=\"110171 Perspektive\" loading=\"lazy\"\/>\n                            <\/div>\n        <\/div>\n        <div class=\"product__meta-container\">\n            <div>\n                <h3 class=\"product__title\">107200 | Roble Aurum<\/h3>\n                                                                <span class=\"product__description\">El ahumado confiere al suelo un tono especial que pone de relieve las propiedades individuales de la madera, como la veta y la estructura. L...<\/span>\n            <\/div>\n\n                                                    \n                                    <span class=\"product__price\">Pedir muestras parquet<\/span>\n                \n                    <\/div>\n    <\/a>\n<\/div>                    \n\n<div class=\"product__container\" filter-attributes=\"floors-es\">\n    <a href=\"https:\/\/shop.admonter.com\/es\/produkt\/roble-whisky\/\">\n        <div class=\"product__aspect product__aspect--1x1\">\n            <div class=\"aspect__inner\">\n                                                        <img decoding=\"async\" class=\"product__image\" src=\"https:\/\/shop.admonter.com\/wp-content\/uploads\/sites\/2\/Eiche-Whisky-rustic-used-natur-goelt_persp-web-470x470.png\"\n                         alt=\"Roble Whisky rustic used\" loading=\"lazy\"\/>\n                            <\/div>\n        <\/div>\n        <div class=\"product__meta-container\">\n            <div>\n                <h3 class=\"product__title\">114952 | Roble Whisky<\/h3>\n                                                                <span class=\"product__description\">Un acreditado proceso t\u00e9rmico le da al roble Whisky un color elegante. Los tablones \u00abBasic\u00bb presentan nudos naturales con un patr\u00f3n equilibr...<\/span>\n            <\/div>\n\n                                                    \n                                    <span class=\"product__price\">Pedir muestras parquet<\/span>\n                \n                    <\/div>\n    <\/a>\n<\/div>                    \n\n<div class=\"product__container\" filter-attributes=\"floors-es\">\n    <a href=\"https:\/\/shop.admonter.com\/es\/produkt\/roble-marrone\/\">\n        <div class=\"product__aspect product__aspect--1x1\">\n            <div class=\"aspect__inner\">\n                                                        <img decoding=\"async\" class=\"product__image\" src=\"https:\/\/shop.admonter.com\/wp-content\/uploads\/sites\/2\/Eiche-medium-Marrone-basic-gebuerstet-classic_persp-470x470.jpg\"\n                         alt=\"Eiche medium Marrone basic geb\u00fcrstet classic persp\" loading=\"lazy\"\/>\n                            <\/div>\n        <\/div>\n        <div class=\"product__meta-container\">\n            <div>\n                <h3 class=\"product__title\">139334 | Roble Marrone<\/h3>\n                                                                <span class=\"product__description\">Un acreditado proceso t\u00e9rmico le da al roble Marrone un color elegante. Los tablones \u00abBasic\u00bb presentan nudos naturales con un patr\u00f3n equilib...<\/span>\n            <\/div>\n\n                                                    \n                                    <span class=\"product__price\">Pedir muestras parquet<\/span>\n                \n                    <\/div>\n    <\/a>\n<\/div>                    \n\n<div class=\"product__container\" filter-attributes=\"floors-es\">\n    <a href=\"https:\/\/shop.admonter.com\/es\/produkt\/roble-medium-natural-basic-15x188x2000mm\/\">\n        <div class=\"product__aspect product__aspect--1x1\">\n            <div class=\"aspect__inner\">\n                                                        <img decoding=\"async\" class=\"product__image\" src=\"https:\/\/shop.admonter.com\/wp-content\/uploads\/sites\/2\/110238-Perspektive-470x470.jpg\"\n                         alt=\"110238 Perspektive\" loading=\"lazy\"\/>\n                            <\/div>\n        <\/div>\n        <div class=\"product__meta-container\">\n            <div>\n                <h3 class=\"product__title\">139328 | Roble medium natural<\/h3>\n                                                                <span class=\"product__description\">Un acreditado proceso t\u00e9rmico le da al roble medium un color elegante y natural. Los tablones \u00abBasic\u00bb presentan nudos naturales con un pa...<\/span>\n            <\/div>\n\n                                                    \n                                    <span class=\"product__price\">Pedir muestras parquet<\/span>\n                \n                    <\/div>\n    <\/a>\n<\/div>                    \n\n<div class=\"product__container\" filter-attributes=\"floors-es\">\n    <a href=\"https:\/\/shop.admonter.com\/es\/produkt\/roble-soren\/\">\n        <div class=\"product__aspect product__aspect--1x1\">\n            <div class=\"aspect__inner\">\n                                                        <img decoding=\"async\" class=\"product__image\" src=\"https:\/\/shop.admonter.com\/wp-content\/uploads\/sites\/2\/Eiche-Soren-basic-gebuerstet_EC_Perspektive_v1-470x470.jpg\"\n                         alt=\"Eiche Soren basic gebuerstet EC Perspektive v1 scaled\" loading=\"lazy\"\/>\n                            <\/div>\n        <\/div>\n        <div class=\"product__meta-container\">\n            <div>\n                <h3 class=\"product__title\">139316 | Roble Soren<\/h3>\n                                                                <span class=\"product__description\">El color Soren impresiona por su elegante color claro y le da a cada habitaci\u00f3n un toque exclusivo. Los tablones \u00abBasic\u00bb presentan nudos nat...<\/span>\n            <\/div>\n\n                                                    \n                                    <span class=\"product__price\">Pedir muestras parquet<\/span>\n                \n                    <\/div>\n    <\/a>\n<\/div>                    \n\n<div class=\"product__container\" filter-attributes=\"floors-es\">\n    <a href=\"https:\/\/shop.admonter.com\/es\/produkt\/roble-griseo\/\">\n        <div class=\"product__aspect product__aspect--1x1\">\n            <div class=\"aspect__inner\">\n                                                        <img decoding=\"async\" class=\"product__image\" src=\"https:\/\/shop.admonter.com\/wp-content\/uploads\/sites\/2\/Eiche-Griseo-noblesse_Perspektive_v1-470x470.jpg\"\n                         alt=\"Eiche Griseo noblesse Perspektive v1 scaled\" loading=\"lazy\"\/>\n                            <\/div>\n        <\/div>\n        <div class=\"product__meta-container\">\n            <div>\n                <h3 class=\"product__title\">123937 | Roble Griseo<\/h3>\n                                                                <span class=\"product__description\">Este agradable tono gris se adapta perfectamente a la situaci\u00f3n de vida existente y garantiza un dise\u00f1o de habitaci\u00f3n moderno y atemporal. L...<\/span>\n            <\/div>\n\n                                                    \n                                    <span class=\"product__price\">Pedir muestras parquet<\/span>\n                \n                    <\/div>\n    <\/a>\n<\/div>                    \n\n<div class=\"product__container\" filter-attributes=\"floors-es\">\n    <a href=\"https:\/\/shop.admonter.com\/es\/produkt\/roble-grey-basic-15x240x2400mm\/\">\n        <div class=\"product__aspect product__aspect--1x1\">\n            <div class=\"aspect__inner\">\n                                                        <img decoding=\"async\" class=\"product__image\" src=\"https:\/\/shop.admonter.com\/wp-content\/uploads\/sites\/2\/116599-Perspektive-470x470.jpg\"\n                         alt=\"\" loading=\"lazy\"\/>\n                            <\/div>\n        <\/div>\n        <div class=\"product__meta-container\">\n            <div>\n                <h3 class=\"product__title\">116599 | Roble grey<\/h3>\n                                                                <span class=\"product__description\">Los tonos grises son modernos y est\u00e1n en plena moda. Los tablones \u00abBasic\u00bb presentan nudos naturales con un patr\u00f3n equilibrado.<\/span>\n            <\/div>\n\n                                                    \n                                    <span class=\"product__price\">Pedir muestras parquet<\/span>\n                \n                    <\/div>\n    <\/a>\n<\/div>                    \n\n<div class=\"product__container\" filter-attributes=\"floors-es\">\n    <a href=\"https:\/\/shop.admonter.com\/es\/produkt\/fresno-natural-noblesse-15x192x2000mm\/\">\n        <div class=\"product__aspect product__aspect--1x1\">\n            <div class=\"aspect__inner\">\n                                                        <img decoding=\"async\" class=\"product__image\" src=\"https:\/\/shop.admonter.com\/wp-content\/uploads\/sites\/2\/Esche-noblesse-gebuerstet-natur-geoelt-classic_persp-Large-470x470.jpg\"\n                         alt=\"Aqsis Renderer, secs rendertime\" loading=\"lazy\"\/>\n                            <\/div>\n        <\/div>\n        <div class=\"product__meta-container\">\n            <div>\n                <h3 class=\"product__title\">110126 | Fresno natural<\/h3>\n                                                                <span class=\"product__description\">Entre nuestros \u00e1rboles de hoja ancha, nada interpone entre el dise\u00f1o y la naturalidad. Junto a las m\u00faltiples facetas del roble, el fresno...<\/span>\n            <\/div>\n\n                                                    \n                                    <span class=\"product__price\">Pedir muestras parquet<\/span>\n                \n                    <\/div>\n    <\/a>\n<\/div>                    \n\n<div class=\"product__container\" filter-attributes=\"floors-es\">\n    <a href=\"https:\/\/shop.admonter.com\/es\/produkt\/fresno-de-nucleo-natura\/\">\n        <div class=\"product__aspect product__aspect--1x1\">\n            <div class=\"aspect__inner\">\n                                                        <img decoding=\"async\" class=\"product__image\" src=\"https:\/\/shop.admonter.com\/wp-content\/uploads\/sites\/2\/Kernesche_NATURA_basic_Perspektive-470x470.jpg\"\n                         alt=\"Kernesche NATURA basic Perspektive scaled\" loading=\"lazy\"\/>\n                            <\/div>\n        <\/div>\n        <div class=\"product__meta-container\">\n            <div>\n                <h3 class=\"product__title\">123498 | Fresno de n\u00facleo Natura<\/h3>\n                                                                <span class=\"product__description\">La Fresno de n\u00facleo muestra su lado natural gracias a la extravagante clasificaci\u00f3n.\r\n Los tablones \u00abBasic\u00bb presentan nudos naturales con un...<\/span>\n            <\/div>\n\n                                                    \n                                    <span class=\"product__price\">Pedir muestras parquet<\/span>\n                \n                    <\/div>\n    <\/a>\n<\/div>                    \n\n<div class=\"product__container\" filter-attributes=\"floors-es\">\n    <a href=\"https:\/\/shop.admonter.com\/es\/produkt\/nogal\/\">\n        <div class=\"product__aspect product__aspect--1x1\">\n            <div class=\"aspect__inner\">\n                                                        <img decoding=\"async\" class=\"product__image\" src=\"https:\/\/shop.admonter.com\/wp-content\/uploads\/sites\/2\/105894-Perspektive-470x470.jpg\"\n                         alt=\"105894 Perspektive\" loading=\"lazy\"\/>\n                            <\/div>\n        <\/div>\n        <div class=\"product__meta-container\">\n            <div>\n                <h3 class=\"product__title\">139155 | Nogal<\/h3>\n                                                                <span class=\"product__description\">Las tablas oscuras del nogal tienen gran personalidad y se caracterizan por la fibrosidad, el veteado y la estructura. Las tarimas de la cla...<\/span>\n            <\/div>\n\n                                                    \n                                    <span class=\"product__price\">Pedir muestras parquet<\/span>\n                \n                    <\/div>\n    <\/a>\n<\/div>                    \n\n<div class=\"product__container\" filter-attributes=\"floors-es\">\n    <a href=\"https:\/\/shop.admonter.com\/es\/produkt\/alerce-alba\/\">\n        <div class=\"product__aspect product__aspect--1x1\">\n            <div class=\"aspect__inner\">\n                                                        <img decoding=\"async\" class=\"product__image\" src=\"https:\/\/shop.admonter.com\/wp-content\/uploads\/sites\/2\/118839-Perspektive-470x470.jpg\"\n                         alt=\"118839 Perspektive\" loading=\"lazy\"\/>\n                            <\/div>\n        <\/div>\n        <div class=\"product__meta-container\">\n            <div>\n                <h3 class=\"product__title\">118839 | Alerce Alba<\/h3>\n                                                                <span class=\"product__description\">Con el hermoso tono blanco del alerce Alba, traemos el estilo escandinavo directamente a Austria. Los tablones de la clase \u00abNaturelle\u00bb est\u00e1n...<\/span>\n            <\/div>\n\n                                                    \n                                    <span class=\"product__price\">Pedir muestras parquet<\/span>\n                \n                    <\/div>\n    <\/a>\n<\/div>                    \n\n<div class=\"product__container\" filter-attributes=\"floors-es\">\n    <a href=\"https:\/\/shop.admonter.com\/es\/produkt\/alerce-blanco\/\">\n        <div class=\"product__aspect product__aspect--1x1\">\n            <div class=\"aspect__inner\">\n                                                        <img decoding=\"async\" class=\"product__image\" src=\"https:\/\/shop.admonter.com\/wp-content\/uploads\/sites\/2\/118152-Perspektive-470x470.jpg\"\n                         alt=\"118152 Perspektive\" loading=\"lazy\"\/>\n                            <\/div>\n        <\/div>\n        <div class=\"product__meta-container\">\n            <div>\n                <h3 class=\"product__title\">118893 | Alerce blanco<\/h3>\n                                                                <span class=\"product__description\">El popular suelo de madera blanda del alerce blanco es uno de nuestros talentos naturales en t\u00e9rminos de dise\u00f1o. Los tablones de la clase \u00abN...<\/span>\n            <\/div>\n\n                                                    \n                                    <span class=\"product__price\">Pedir muestras parquet<\/span>\n                \n                    <\/div>\n    <\/a>\n<\/div>                    \n\n<div class=\"product__container\" filter-attributes=\"floors-es\">\n    <a href=\"https:\/\/shop.admonter.com\/es\/produkt\/alerce-natura\/\">\n        <div class=\"product__aspect product__aspect--1x1\">\n            <div class=\"aspect__inner\">\n                                                        <img decoding=\"async\" class=\"product__image\" src=\"https:\/\/shop.admonter.com\/wp-content\/uploads\/sites\/2\/Laerche-natura-naturelle-gebuerstet_persp-470x470.jpg\"\n                         alt=\"L\u00e4rche natura naturelle geb\u00fcrstet persp\" loading=\"lazy\"\/>\n                            <\/div>\n        <\/div>\n        <div class=\"product__meta-container\">\n            <div>\n                <h3 class=\"product__title\">120805 | Alerce Natura<\/h3>\n                                                                <span class=\"product__description\">El Alerce Natura, gracias a su aspecto de madera en bruto, parece haber sido creado por la naturaleza y resplandece con su sencilla naturali...<\/span>\n            <\/div>\n\n                                                    \n                                    <span class=\"product__price\">Pedir muestras parquet<\/span>\n                \n                    <\/div>\n    <\/a>\n<\/div>                    \n\n<div class=\"product__container\" filter-attributes=\"floors-es\">\n    <a href=\"https:\/\/shop.admonter.com\/es\/produkt\/alerce-decapado-blanco-naturelle-15x195x2000mm\/\">\n        <div class=\"product__aspect product__aspect--1x1\">\n            <div class=\"aspect__inner\">\n                                                        <img decoding=\"async\" class=\"product__image\" src=\"https:\/\/shop.admonter.com\/wp-content\/uploads\/sites\/2\/118768-Perspektive-470x470.jpg\"\n                         alt=\"118768 Perspektive\" loading=\"lazy\"\/>\n                            <\/div>\n        <\/div>\n        <div class=\"product__meta-container\">\n            <div>\n                <h3 class=\"product__title\">118768 | Alerce Decapado blanco<\/h3>\n                                                                <span class=\"product__description\">Calidez, naturalidad y elegancia definen el alerce Decapado blanco con su inimitable estilo.\u00a0Los tablones de la clase \u00abNaturelle\u00bb est\u00e1n acab...<\/span>\n            <\/div>\n\n                                                    \n                                    <span class=\"product__price\">Pedir muestras parquet<\/span>\n                \n                    <\/div>\n    <\/a>\n<\/div>                    \n\n<div class=\"product__container\" filter-attributes=\"floors-es\">\n    <a href=\"https:\/\/shop.admonter.com\/es\/produkt\/alerce-decapado-naturelle-15x195x2400mm\/\">\n        <div class=\"product__aspect product__aspect--1x1\">\n            <div class=\"aspect__inner\">\n                                                        <img decoding=\"async\" class=\"product__image\" src=\"https:\/\/shop.admonter.com\/wp-content\/uploads\/sites\/2\/118906-Perspektive-470x470.jpg\"\n                         alt=\"118906 Perspektive\" loading=\"lazy\"\/>\n                            <\/div>\n        <\/div>\n        <div class=\"product__meta-container\">\n            <div>\n                <h3 class=\"product__title\">118906 | Alerce Decapado<\/h3>\n                                                                <span class=\"product__description\">El alerce Decapado transmite paz y seguridad a cada hogar con su suave tono marr\u00f3n. Los tablones de la clase \u00abNaturelle\u00bb est\u00e1n acabados en m...<\/span>\n            <\/div>\n\n                                                    \n                                    <span class=\"product__price\">Pedir muestras parquet<\/span>\n                \n                    <\/div>\n    <\/a>\n<\/div>                    \n\n<div class=\"product__container\" filter-attributes=\"floors-es\">\n    <a href=\"https:\/\/shop.admonter.com\/es\/produkt\/alerce-envejecido-natura\/\">\n        <div class=\"product__aspect product__aspect--1x1\">\n            <div class=\"aspect__inner\">\n                                                        <img decoding=\"async\" class=\"product__image\" src=\"https:\/\/shop.admonter.com\/wp-content\/uploads\/sites\/2\/118336-Perspektive-470x470.jpg\"\n                         alt=\"118336 Perspektive\" loading=\"lazy\"\/>\n                            <\/div>\n        <\/div>\n        <div class=\"product__meta-container\">\n            <div>\n                <h3 class=\"product__title\">118336 | Alerce envejecido Natura<\/h3>\n                                                                <span class=\"product__description\">Los suelos sin tratar provocan una fascinaci\u00f3n muy especial. Con el alerce Envejecido Natura intentamos transmitir esta impresi\u00f3n, sin dejar...<\/span>\n            <\/div>\n\n                                                    \n                                    <span class=\"product__price\">Pedir muestras parquet<\/span>\n                \n                    <\/div>\n    <\/a>\n<\/div>                    \n\n<div class=\"product__container\" filter-attributes=\"floors-es\">\n    <a href=\"https:\/\/shop.admonter.com\/es\/produkt\/alerce-envejecido\/\">\n        <div class=\"product__aspect product__aspect--1x1\">\n            <div class=\"aspect__inner\">\n                                                        <img decoding=\"async\" class=\"product__image\" src=\"https:\/\/shop.admonter.com\/wp-content\/uploads\/sites\/2\/120166-Perspektive-470x470.jpg\"\n                         alt=\"120166 Perspektive\" loading=\"lazy\"\/>\n                            <\/div>\n        <\/div>\n        <div class=\"product__meta-container\">\n            <div>\n                <h3 class=\"product__title\">120166 | Alerce Envejecido<\/h3>\n                                                                <span class=\"product__description\">El alerce envejecido destaca por su apariencia y tacto c\u00e1lidos: se ha demostrado que los suelos de alerce con aceitado natural son los m\u00e1s c...<\/span>\n            <\/div>\n\n                                                    \n                                    <span class=\"product__price\">Pedir muestras parquet<\/span>\n                \n                    <\/div>\n    <\/a>\n<\/div>                    \n\n<div class=\"product__container\" filter-attributes=\"floors-es\">\n    <a href=\"https:\/\/shop.admonter.com\/es\/produkt\/alerce-grigio-naturelle-15x192x2000mm\/\">\n        <div class=\"product__aspect product__aspect--1x1\">\n            <div class=\"aspect__inner\">\n                                                        <img decoding=\"async\" class=\"product__image\" src=\"https:\/\/shop.admonter.com\/wp-content\/uploads\/sites\/2\/119361-Perspektive-470x470.jpg\"\n                         alt=\"119361 Perspektive\" loading=\"lazy\"\/>\n                            <\/div>\n        <\/div>\n        <div class=\"product__meta-container\">\n            <div>\n                <h3 class=\"product__title\">119361 | Alerce Grigio<\/h3>\n                                                                <span class=\"product__description\">Con el alerce Grigio se pone de relieve la uniformidad del veteado gracias a su coloraci\u00f3n especial. Los tablones de la clase \u00abNaturelle\u00bb...<\/span>\n            <\/div>\n\n                                                    \n                                    <span class=\"product__price\">Pedir muestras parquet<\/span>\n                \n                    <\/div>\n    <\/a>\n<\/div>                    \n\n<div class=\"product__container\" filter-attributes=\"floors-es\">\n    <a href=\"https:\/\/shop.admonter.com\/es\/produkt\/abeto-blanco\/\">\n        <div class=\"product__aspect product__aspect--1x1\">\n            <div class=\"aspect__inner\">\n                                                        <img decoding=\"async\" class=\"product__image\" src=\"https:\/\/shop.admonter.com\/wp-content\/uploads\/sites\/2\/Fichte-basic_persp-470x470.jpg\"\n                         alt=\"Fichte basic persp\" loading=\"lazy\"\/>\n                            <\/div>\n        <\/div>\n        <div class=\"product__meta-container\">\n            <div>\n                <h3 class=\"product__title\">106354 | Abeto blanco<\/h3>\n                                                                <span class=\"product__description\">El Abeto blanco ofrece maravillosas posibilidades de dise\u00f1o con su tono claro y veteado uniforme. Los tablones \u00abBasic\u00bb presentan nudos natur...<\/span>\n            <\/div>\n\n                                                    \n                                    <span class=\"product__price\">Pedir muestras parquet<\/span>\n                \n                    <\/div>\n    <\/a>\n<\/div>                    \n\n<div class=\"product__container\" filter-attributes=\"floors-es\">\n    <a href=\"https:\/\/shop.admonter.com\/es\/produkt\/abeto-natural-basic-15x192x4870mm\/\">\n        <div class=\"product__aspect product__aspect--1x1\">\n            <div class=\"aspect__inner\">\n                                                        <img decoding=\"async\" class=\"product__image\" src=\"https:\/\/shop.admonter.com\/wp-content\/uploads\/sites\/2\/115360-Perspektive-470x470.jpg\"\n                         alt=\"115360 Perspektive\" loading=\"lazy\"\/>\n                            <\/div>\n        <\/div>\n        <div class=\"product__meta-container\">\n            <div>\n                <h3 class=\"product__title\">106355 | Abeto natural<\/h3>\n                                                                <span class=\"product__description\">En comparaci\u00f3n con nuestras maderas duras, las con\u00edferas, especialmente el abeto, son m\u00e1s suaves, ligeras y tambi\u00e9n m\u00e1s el\u00e1sticas. Los tablo...<\/span>\n            <\/div>\n\n                                                    \n                                    <span class=\"product__price\">Pedir muestras parquet<\/span>\n                \n                    <\/div>\n    <\/a>\n<\/div>                    \n\n<div class=\"product__container\" filter-attributes=\"floors-es\">\n    <a href=\"https:\/\/shop.admonter.com\/es\/produkt\/pino-pinonero-blanco-2\/\">\n        <div class=\"product__aspect product__aspect--1x1\">\n            <div class=\"aspect__inner\">\n                                                        <img decoding=\"async\" class=\"product__image\" src=\"https:\/\/shop.admonter.com\/wp-content\/uploads\/sites\/2\/106519-Perspektive-470x470.jpg\"\n                         alt=\"106519 Perspektive\" loading=\"lazy\"\/>\n                            <\/div>\n        <\/div>\n        <div class=\"product__meta-container\">\n            <div>\n                <h3 class=\"product__title\">126125 | Pino cembro blanco<\/h3>\n                                                                <span class=\"product__description\">Su maravilloso color, en combinaci\u00f3n con el inconfundible olor, hace que cada sal\u00f3n sea \u00fanico. Los tablones \u00abBasic\u00bb presentan nudos natur...<\/span>\n            <\/div>\n\n                                                    \n                                    <span class=\"product__price\">Pedir muestras parquet<\/span>\n                \n                    <\/div>\n    <\/a>\n<\/div>                                \n\n<div class=\"product__container\" filter-attributes=\"limpieza-y-mantenimiento|cleaning-es\">\n    <a href=\"https:\/\/shop.admonter.com\/es\/produkt\/admonter-clean-care-1l\/\">\n        <div class=\"product__aspect product__aspect--1x1\">\n            <div class=\"aspect__inner\">\n                                                        <img decoding=\"async\" class=\"product__image\" src=\"https:\/\/shop.admonter.com\/wp-content\/uploads\/sites\/2\/Clean-Care-natur-1-L-2-470x470.jpg\"\n                         alt=\"\" loading=\"lazy\"\/>\n                            <\/div>\n        <\/div>\n        <div class=\"product__meta-container\">\n            <div>\n                <h3 class=\"product__title\">101037 | Admonter Clean &amp; Care, 1L<\/h3>\n                                                                <span class=\"product__description\">Admonter Clean &amp; Care para acabados aceitados easy care y barnizados mate.\r\n\r\n1 litro<\/span>\n            <\/div>\n\n                                                                    <span class=\"product__price\">31.20 &euro; (con IVA)<\/span>\n                    <\/div>\n    <\/a>\n<\/div>                    \n\n<div class=\"product__container\" filter-attributes=\"limpieza-y-mantenimiento|cleaning-es\">\n    <a href=\"https:\/\/shop.admonter.com\/es\/produkt\/admonter-clean-care-blanco-1l\/\">\n        <div class=\"product__aspect product__aspect--1x1\">\n            <div class=\"aspect__inner\">\n                                                        <img decoding=\"async\" class=\"product__image\" src=\"https:\/\/shop.admonter.com\/wp-content\/uploads\/sites\/2\/101038-Perspektive-470x470.jpg\"\n                         alt=\"101038 Perspektive\" loading=\"lazy\"\/>\n                            <\/div>\n        <\/div>\n        <div class=\"product__meta-container\">\n            <div>\n                <h3 class=\"product__title\">101038 | Admonter Clean &amp; Care blanco, 1l<\/h3>\n                                                                <span class=\"product__description\">Admonter Clean &amp; Care para ACABADOS aceitados BLANCO en easy care y barnizados mate. 1 litro<\/span>\n            <\/div>\n\n                                                                    <span class=\"product__price\">34.44 &euro; (con IVA)<\/span>\n                    <\/div>\n    <\/a>\n<\/div>                    \n\n<div class=\"product__container\" filter-attributes=\"limpieza-y-mantenimiento|care-es\">\n    <a href=\"https:\/\/shop.admonter.com\/es\/produkt\/admonter-aceite-de-mantenimiento\/\">\n        <div class=\"product__aspect product__aspect--1x1\">\n            <div class=\"aspect__inner\">\n                                                        <img decoding=\"async\" class=\"product__image\" src=\"https:\/\/shop.admonter.com\/wp-content\/uploads\/sites\/2\/101041-Perspektive-470x470.jpg\"\n                         alt=\"101041 Perspektive\" loading=\"lazy\"\/>\n                            <\/div>\n        <\/div>\n        <div class=\"product__meta-container\">\n            <div>\n                <h3 class=\"product__title\">101041 | Admonter aceite de mantenimiento<\/h3>\n                                                                <span class=\"product__description\">Admonter aceite de mantenimiento:para el primer cuidado y posterior mantenimiento peri\u00f3dico.Consigue un acabado sedoso y brillant...<\/span>\n            <\/div>\n\n                                                                    <span class=\"product__price\">41.40 &euro; (con IVA)<\/span>\n                    <\/div>\n    <\/a>\n<\/div>                    \n\n<div class=\"product__container\" filter-attributes=\"limpieza-y-mantenimiento|care-es\">\n    <a href=\"https:\/\/shop.admonter.com\/es\/produkt\/admonter-aceite-de-mantenimiento-blanco-1-l\/\">\n        <div class=\"product__aspect product__aspect--1x1\">\n            <div class=\"aspect__inner\">\n                                                        <img decoding=\"async\" class=\"product__image\" src=\"https:\/\/shop.admonter.com\/wp-content\/uploads\/sites\/2\/101042-Perspektive-470x470.jpg\"\n                         alt=\"101042 Perspektive\" loading=\"lazy\"\/>\n                            <\/div>\n        <\/div>\n        <div class=\"product__meta-container\">\n            <div>\n                <h3 class=\"product__title\">101042 | Admonter aceite de mantenimiento BLANCO, 1 l<\/h3>\n                                                                <span class=\"product__description\">para el primer cuidado y posterior mantenimiento peri\u00f3dico.Consigue un acabado sedoso y brillante.(Rendimiento aproximado: 1 ...<\/span>\n            <\/div>\n\n                                                                    <span class=\"product__price\">43.92 &euro; (con IVA)<\/span>\n                    <\/div>\n    <\/a>\n<\/div>                    \n\n<div class=\"product__container\" filter-attributes=\"limpieza-y-mantenimiento|care-es\">\n    <a href=\"https:\/\/shop.admonter.com\/es\/produkt\/admonter-aceite-de-mantenimiento-marron-1l\/\">\n        <div class=\"product__aspect product__aspect--1x1\">\n            <div class=\"aspect__inner\">\n                                                        <img decoding=\"async\" class=\"product__image\" src=\"https:\/\/shop.admonter.com\/wp-content\/uploads\/sites\/2\/101041-Perspektive-470x470.jpg\"\n                         alt=\"101041 Perspektive\" loading=\"lazy\"\/>\n                            <\/div>\n        <\/div>\n        <div class=\"product__meta-container\">\n            <div>\n                <h3 class=\"product__title\">121401 | Admonter aceite de mantenimiento MARR\u00d3N, 1l<\/h3>\n                                                                <span class=\"product__description\">Admonter aceite de mantenimiento MARR\u00d3N:\r\npara el primer cuidado y posterior mantenimiento peri\u00f3dico.\r\nConsigue un acabado sedoso y brillant...<\/span>\n            <\/div>\n\n                                                                    <span class=\"product__price\">48.36 &euro; (con IVA)<\/span>\n                    <\/div>\n    <\/a>\n<\/div>                    \n\n<div class=\"product__container\" filter-attributes=\"limpieza-y-mantenimiento|care-es\">\n    <a href=\"https:\/\/shop.admonter.com\/es\/produkt\/admonter-aceite-de-mantenimiento-grey-1l\/\">\n        <div class=\"product__aspect product__aspect--1x1\">\n            <div class=\"aspect__inner\">\n                                                        <img decoding=\"async\" class=\"product__image\" src=\"https:\/\/shop.admonter.com\/wp-content\/uploads\/sites\/2\/101041-Perspektive-470x470.jpg\"\n                         alt=\"101041 Perspektive\" loading=\"lazy\"\/>\n                            <\/div>\n        <\/div>\n        <div class=\"product__meta-container\">\n            <div>\n                <h3 class=\"product__title\">127643 | Admonter aceite de mantenimiento GREY, 1l<\/h3>\n                                                                <span class=\"product__description\">Admonter aceite de mantenimiento GREY:\r\npara el primer cuidado y posterior mantenimiento peri\u00f3dico.\r\nConsigue un acabado sedoso y brillante....<\/span>\n            <\/div>\n\n                                                                    <span class=\"product__price\">48.36 &euro; (con IVA)<\/span>\n                    <\/div>\n    <\/a>\n<\/div>                    \n\n<div class=\"product__container\" filter-attributes=\"limpieza-y-mantenimiento|care-es\">\n    <a href=\"https:\/\/shop.admonter.com\/es\/produkt\/aceite-primer-cuidado-blanco-object-pro-care\/\">\n        <div class=\"product__aspect product__aspect--1x1\">\n            <div class=\"aspect__inner\">\n                                                        <img decoding=\"async\" class=\"product__image\" src=\"https:\/\/shop.admonter.com\/wp-content\/uploads\/sites\/2\/102280-Perspektive-470x470.jpg\"\n                         alt=\"102280 Perspektive\" loading=\"lazy\"\/>\n                            <\/div>\n        <\/div>\n        <div class=\"product__meta-container\">\n            <div>\n                <h3 class=\"product__title\">102280 | Aceite primer cuidado (object) pro-care<\/h3>\n                                                                <span class=\"product__description\">Para el primer cuidado y posteriores restauraciones de un aceitadonatural pro-care (rendimiento: 1 Lt. = 40-60 m2)<\/span>\n            <\/div>\n\n                                                                    <span class=\"product__price\">35.52 &euro; (con IVA)<\/span>\n                    <\/div>\n    <\/a>\n<\/div>                    \n\n<div class=\"product__container\" filter-attributes=\"limpieza-y-mantenimiento|care-es\">\n    <a href=\"https:\/\/shop.admonter.com\/es\/produkt\/aceite-blanco-primer-cuidado-object-pro-care\/\">\n        <div class=\"product__aspect product__aspect--1x1\">\n            <div class=\"aspect__inner\">\n                                                        <img decoding=\"async\" class=\"product__image\" src=\"https:\/\/shop.admonter.com\/wp-content\/uploads\/sites\/2\/102280-Perspektive-470x470.jpg\"\n                         alt=\"102280 Perspektive\" loading=\"lazy\"\/>\n                            <\/div>\n        <\/div>\n        <div class=\"product__meta-container\">\n            <div>\n                <h3 class=\"product__title\">104084 | Aceite BLANCO primer cuidado (object) pro-care &#8211; 0,75 litros<\/h3>\n                                                                <span class=\"product__description\">Para el primer cuidado y posteriores restauraciones de un aceitadonatural pro-care (rendimiento: 1 Lt. = 40-60 m2)<\/span>\n            <\/div>\n\n                                                                    <span class=\"product__price\">37.08 &euro; (con IVA)<\/span>\n                    <\/div>\n    <\/a>\n<\/div>                    \n\n<div class=\"product__container\" filter-attributes=\"limpieza-y-mantenimiento|care-es\">\n    <a href=\"https:\/\/shop.admonter.com\/es\/produkt\/admonter-aceite-reparador-30ml\/\">\n        <div class=\"product__aspect product__aspect--1x1\">\n            <div class=\"aspect__inner\">\n                                                        <img decoding=\"async\" class=\"product__image\" src=\"https:\/\/shop.admonter.com\/wp-content\/uploads\/sites\/2\/121292-Perspektive-470x470.jpg\"\n                         alt=\"121292 Perspektive\" loading=\"lazy\"\/>\n                            <\/div>\n        <\/div>\n        <div class=\"product__meta-container\">\n            <div>\n                <h3 class=\"product__title\">121292 | Admonter aceite reparador, 30ml<\/h3>\n                                                                <span class=\"product__description\">Aceite con la coloraci\u00f3n adecuada seg\u00fan el pavimento colocado, para reparaciones menores.Aplicar con brocha para reparar los peque\u00f1...<\/span>\n            <\/div>\n\n                                                                    <span class=\"product__price\">48.36 &euro; (con IVA)<\/span>\n                    <\/div>\n    <\/a>\n<\/div>                    \n\n<div class=\"product__container\" filter-attributes=\"limpieza-y-mantenimiento|cleaning-es\">\n    <a href=\"https:\/\/shop.admonter.com\/es\/produkt\/hydro-cleaner-para-easy-care-para-limpieza-intensiva-realizado-solo-por-un-especialista\/\">\n        <div class=\"product__aspect product__aspect--1x1\">\n            <div class=\"aspect__inner\">\n                                                        <img decoding=\"async\" class=\"product__image\" src=\"https:\/\/shop.admonter.com\/wp-content\/uploads\/sites\/2\/101046-Perspektive-470x470.jpg\"\n                         alt=\"101046 Perspektive\" loading=\"lazy\"\/>\n                            <\/div>\n        <\/div>\n        <div class=\"product__meta-container\">\n            <div>\n                <h3 class=\"product__title\">101046 | hydro cleaner para EASY CARE para limpieza intensiva (\u00a1realizado solo por un especialista!)<\/h3>\n                                                                <span class=\"product__description\">para limpieza intensiva (\u00a1realizado solo por un especialista!)\r\n1 litro<\/span>\n            <\/div>\n\n                                                                    <span class=\"product__price\">45.24 &euro; (con IVA)<\/span>\n                    <\/div>\n    <\/a>\n<\/div>                                \n\n<div class=\"product__container\" filter-attributes=\"instalacion\">\n    <a href=\"https:\/\/shop.admonter.com\/es\/produkt\/sound-protect-eco-8-m2\/\">\n        <div class=\"product__aspect product__aspect--1x1\">\n            <div class=\"aspect__inner\">\n                                                        <img decoding=\"async\" class=\"product__image\" src=\"https:\/\/shop.admonter.com\/wp-content\/uploads\/sites\/2\/Sound-Protect-Eco-8-m2-470x399.jpg\"\n                         alt=\"Sound Protect Eco 8 m2\" loading=\"lazy\"\/>\n                            <\/div>\n        <\/div>\n        <div class=\"product__meta-container\">\n            <div>\n                <h3 class=\"product__title\">101232 | SOUND Protect Eco 8 m2<\/h3>\n                                                                <span class=\"product__description\">Subsuelo WINEO \"Sound-Protect Eco\": Espesor: 2 mm. Este subsuelo para\r\nla instalaci\u00f3n flotante de Admonter Floors consta de una pel\u00edcula de ...<\/span>\n            <\/div>\n\n                                                                    <span class=\"product__price\">92.76 &euro; (con IVA)<\/span>\n                    <\/div>\n    <\/a>\n<\/div>                    \n\n<div class=\"product__container\" filter-attributes=\"instalacion\">\n    <a href=\"https:\/\/shop.admonter.com\/es\/produkt\/espatula\/\">\n        <div class=\"product__aspect product__aspect--1x1\">\n            <div class=\"aspect__inner\">\n                                                        <img decoding=\"async\" class=\"product__image\" src=\"https:\/\/shop.admonter.com\/wp-content\/uploads\/sites\/2\/Mutterspachtel22.jpg\"\n                         alt=\"Mutterspachtel22\" loading=\"lazy\"\/>\n                            <\/div>\n        <\/div>\n        <div class=\"product__meta-container\">\n            <div>\n                <h3 class=\"product__title\">101026 | Esp\u00e1tula<\/h3>\n                                                                <span class=\"product__description\">Esp\u00e1tulapara cola de parquet con banda dentada B111\u00a0 pieza<\/span>\n            <\/div>\n\n                                                                    <span class=\"product__price\">11.88 &euro; (con IVA)<\/span>\n                    <\/div>\n    <\/a>\n<\/div>                    \n\n<div class=\"product__container\" filter-attributes=\"instalacion\">\n    <a href=\"https:\/\/shop.admonter.com\/es\/produkt\/cinta-adhesiva\/\">\n        <div class=\"product__aspect product__aspect--1x1\">\n            <div class=\"aspect__inner\">\n                                                        <img decoding=\"async\" class=\"product__image\" src=\"https:\/\/shop.admonter.com\/wp-content\/uploads\/sites\/2\/Klebeband22-1.jpg\"\n                         alt=\"Klebeband22 1\" loading=\"lazy\"\/>\n                            <\/div>\n        <\/div>\n        <div class=\"product__meta-container\">\n            <div>\n                <h3 class=\"product__title\">104092 | Cinta adhesiva<\/h3>\n                                                                <span class=\"product__description\">Cinta adhesiva:para fijar el subsuelo, barrera de humedad y alto poder adhesivo66 m.l. por rollo<\/span>\n            <\/div>\n\n                                                                    <span class=\"product__price\">7.08 &euro; (con IVA)<\/span>\n                    <\/div>\n    <\/a>\n<\/div>                    \n\n<div class=\"product__container\" filter-attributes=\"instalacion\">\n    <a href=\"https:\/\/shop.admonter.com\/es\/produkt\/floorliner\/\">\n        <div class=\"product__aspect product__aspect--1x1\">\n            <div class=\"aspect__inner\">\n                                                        <img decoding=\"async\" class=\"product__image\" src=\"https:\/\/shop.admonter.com\/wp-content\/uploads\/sites\/2\/101054-Perspektive.jpg\"\n                         alt=\"101054 Perspektive\" loading=\"lazy\"\/>\n                            <\/div>\n        <\/div>\n        <div class=\"product__meta-container\">\n            <div>\n                <h3 class=\"product__title\">101054 | Floorliner<\/h3>\n                                                                <span class=\"product__description\">Reutilizable hasta 3 veces(Grueso: 1,55 mm, Ancho: 1 m)50 m2 por rollo<\/span>\n            <\/div>\n\n                                                                    <span class=\"product__price\">252.00 &euro; (con IVA)<\/span>\n                    <\/div>\n    <\/a>\n<\/div>            <\/div>\n\n    <div class=\"product-grid__after-products\">\n        <button class=\"product-grid__load-more\">\n            <div style=\"display: flex;\">Ver m\u00e1s\n                <img decoding=\"async\" id=\"product-grid--load-more-loader\" style=\"margin-left: 15px;\" height=\"18px\" width=\"18px\"\n                     src=\"https:\/\/cdn.lightcyde.agency\/gifs\/loader\/loader-1.gif\"\/>\n            <\/div>\n        <\/button>\n    <\/div>\n\t\t\t\t<\/div>\n\t\t\t\t<\/div>\n\t\t\t\t\t<\/div>\n\t\t<\/div>\n\t\t\t\t\t<\/div>\n\t\t<\/section>\n\t\t\t\t<\/div>\n\t\t","protected":false},"excerpt":{"rendered":"<p>Reinigung &amp; Pflege Reinigung Pflege Verlegezubeh\u00f6r Die Produkte werden geladen 112797 | Nogal, rustic, 2000 &times; 138 &times; 15 mm, Rustic Las piezas oscuras de nogal tienen su propio car\u00e1cter y se caracterizan por el curso de la fibra, el grano y la estructura. Las fuertes dife&#8230; 59.70 &euro;\/m&#178; (exkl. MwSt.) | Arce canadiense, 1000 [&hellip;]<\/p>\n","protected":false},"author":1,"featured_media":0,"parent":0,"menu_order":0,"comment_status":"closed","ping_status":"closed","template":"page-templates\/page_header-image.php","meta":{"_acf_changed":false,"footnotes":""},"class_list":["post-7113","page","type-page","status-publish","hentry"],"acf":[],"yoast_head":"<!-- This site is optimized with the Yoast SEO Premium plugin v20.8 (Yoast SEO v26.8) - https:\/\/yoast.com\/product\/yoast-seo-premium-wordpress\/ -->\n<title>Admonter Shop<\/title>\n<meta name=\"description\" content=\"La madera procedente de la silvicultura sostenible, el trabajo manual de calidad y el dise\u00f1o atemporal que crea ambiente en todas partes.\" \/>\n<meta name=\"robots\" content=\"index, follow, max-snippet:-1, max-image-preview:large, max-video-preview:-1\" \/>\n<link rel=\"canonical\" href=\"https:\/\/shop.admonter.com\/es\/\" \/>\n<meta property=\"og:locale\" content=\"es_ES\" \/>\n<meta property=\"og:type\" content=\"article\" \/>\n<meta property=\"og:title\" content=\"Admonter Shop\" \/>\n<meta property=\"og:description\" content=\"La madera procedente de la silvicultura sostenible, el trabajo manual de calidad y el dise\u00f1o atemporal que crea ambiente en todas partes.\" \/>\n<meta property=\"og:url\" content=\"https:\/\/shop.admonter.com\/es\/\" \/>\n<meta property=\"og:site_name\" content=\"Admonter Webshop\" \/>\n<meta property=\"article:modified_time\" content=\"2025-06-17T09:05:00+00:00\" \/>\n<meta property=\"og:image\" content=\"https:\/\/cdn.lightcyde.agency\/gifs\/loader\/loader-1.gif\" \/>\n<meta name=\"twitter:card\" content=\"summary_large_image\" \/>\n<meta name=\"twitter:label1\" content=\"Tiempo de lectura\" \/>\n\t<meta name=\"twitter:data1\" content=\"8 minutos\" \/>\n<script type=\"application\/ld+json\" class=\"yoast-schema-graph\">{\"@context\":\"https:\/\/schema.org\",\"@graph\":[{\"@type\":\"WebPage\",\"@id\":\"https:\/\/shop.admonter.com\/es\/\",\"url\":\"https:\/\/shop.admonter.com\/es\/\",\"name\":\"Admonter Shop\",\"isPartOf\":{\"@id\":\"https:\/\/shop.admonter.com\/es\/#website\"},\"primaryImageOfPage\":{\"@id\":\"https:\/\/shop.admonter.com\/es\/#primaryimage\"},\"image\":{\"@id\":\"https:\/\/shop.admonter.com\/es\/#primaryimage\"},\"thumbnailUrl\":\"https:\/\/cdn.lightcyde.agency\/gifs\/loader\/loader-1.gif\",\"datePublished\":\"2020-04-14T11:41:58+00:00\",\"dateModified\":\"2025-06-17T09:05:00+00:00\",\"description\":\"La madera procedente de la silvicultura sostenible, el trabajo manual de calidad y el dise\u00f1o atemporal que crea ambiente en todas partes.\",\"breadcrumb\":{\"@id\":\"https:\/\/shop.admonter.com\/es\/#breadcrumb\"},\"inLanguage\":\"es\",\"potentialAction\":[{\"@type\":\"ReadAction\",\"target\":[\"https:\/\/shop.admonter.com\/es\/\"]}]},{\"@type\":\"ImageObject\",\"inLanguage\":\"es\",\"@id\":\"https:\/\/shop.admonter.com\/es\/#primaryimage\",\"url\":\"https:\/\/cdn.lightcyde.agency\/gifs\/loader\/loader-1.gif\",\"contentUrl\":\"https:\/\/cdn.lightcyde.agency\/gifs\/loader\/loader-1.gif\"},{\"@type\":\"BreadcrumbList\",\"@id\":\"https:\/\/shop.admonter.com\/es\/#breadcrumb\",\"itemListElement\":[{\"@type\":\"ListItem\",\"position\":1,\"name\":\"P\u00e1gina de inicio\",\"item\":\"https:\/\/shop.admonter.com\/es\/\"},{\"@type\":\"ListItem\",\"position\":2,\"name\":\"Admonter Shop\"}]},{\"@type\":\"WebSite\",\"@id\":\"https:\/\/shop.admonter.com\/es\/#website\",\"url\":\"https:\/\/shop.admonter.com\/es\/\",\"name\":\"Admonter Webshop\",\"description\":\"Natures favourite designer\",\"publisher\":{\"@id\":\"https:\/\/shop.admonter.com\/es\/#organization\"},\"potentialAction\":[{\"@type\":\"SearchAction\",\"target\":{\"@type\":\"EntryPoint\",\"urlTemplate\":\"https:\/\/shop.admonter.com\/es\/?s={search_term_string}\"},\"query-input\":{\"@type\":\"PropertyValueSpecification\",\"valueRequired\":true,\"valueName\":\"search_term_string\"}}],\"inLanguage\":\"es\"},{\"@type\":\"Organization\",\"@id\":\"https:\/\/shop.admonter.com\/es\/#organization\",\"name\":\"Admonter Holzindustrie AG\",\"url\":\"https:\/\/shop.admonter.com\/es\/\",\"logo\":{\"@type\":\"ImageObject\",\"inLanguage\":\"es\",\"@id\":\"https:\/\/shop.admonter.com\/es\/#\/schema\/logo\/image\/\",\"url\":\"https:\/\/shop.admonter.com\/wp-content\/uploads\/sites\/2\/admonter_logo.png\",\"contentUrl\":\"https:\/\/shop.admonter.com\/wp-content\/uploads\/sites\/2\/admonter_logo.png\",\"width\":592,\"height\":100,\"caption\":\"Admonter Holzindustrie AG\"},\"image\":{\"@id\":\"https:\/\/shop.admonter.com\/es\/#\/schema\/logo\/image\/\"}}]}<\/script>\n<!-- \/ Yoast SEO Premium plugin. -->","yoast_head_json":{"title":"Admonter Shop","description":"La madera procedente de la silvicultura sostenible, el trabajo manual de calidad y el dise\u00f1o atemporal que crea ambiente en todas partes.","robots":{"index":"index","follow":"follow","max-snippet":"max-snippet:-1","max-image-preview":"max-image-preview:large","max-video-preview":"max-video-preview:-1"},"canonical":"https:\/\/shop.admonter.com\/es\/","og_locale":"es_ES","og_type":"article","og_title":"Admonter Shop","og_description":"La madera procedente de la silvicultura sostenible, el trabajo manual de calidad y el dise\u00f1o atemporal que crea ambiente en todas partes.","og_url":"https:\/\/shop.admonter.com\/es\/","og_site_name":"Admonter Webshop","article_modified_time":"2025-06-17T09:05:00+00:00","og_image":[{"url":"https:\/\/cdn.lightcyde.agency\/gifs\/loader\/loader-1.gif","type":"","width":"","height":""}],"twitter_card":"summary_large_image","twitter_misc":{"Tiempo de lectura":"8 minutos"},"schema":{"@context":"https:\/\/schema.org","@graph":[{"@type":"WebPage","@id":"https:\/\/shop.admonter.com\/es\/","url":"https:\/\/shop.admonter.com\/es\/","name":"Admonter Shop","isPartOf":{"@id":"https:\/\/shop.admonter.com\/es\/#website"},"primaryImageOfPage":{"@id":"https:\/\/shop.admonter.com\/es\/#primaryimage"},"image":{"@id":"https:\/\/shop.admonter.com\/es\/#primaryimage"},"thumbnailUrl":"https:\/\/cdn.lightcyde.agency\/gifs\/loader\/loader-1.gif","datePublished":"2020-04-14T11:41:58+00:00","dateModified":"2025-06-17T09:05:00+00:00","description":"La madera procedente de la silvicultura sostenible, el trabajo manual de calidad y el dise\u00f1o atemporal que crea ambiente en todas partes.","breadcrumb":{"@id":"https:\/\/shop.admonter.com\/es\/#breadcrumb"},"inLanguage":"es","potentialAction":[{"@type":"ReadAction","target":["https:\/\/shop.admonter.com\/es\/"]}]},{"@type":"ImageObject","inLanguage":"es","@id":"https:\/\/shop.admonter.com\/es\/#primaryimage","url":"https:\/\/cdn.lightcyde.agency\/gifs\/loader\/loader-1.gif","contentUrl":"https:\/\/cdn.lightcyde.agency\/gifs\/loader\/loader-1.gif"},{"@type":"BreadcrumbList","@id":"https:\/\/shop.admonter.com\/es\/#breadcrumb","itemListElement":[{"@type":"ListItem","position":1,"name":"P\u00e1gina de inicio","item":"https:\/\/shop.admonter.com\/es\/"},{"@type":"ListItem","position":2,"name":"Admonter Shop"}]},{"@type":"WebSite","@id":"https:\/\/shop.admonter.com\/es\/#website","url":"https:\/\/shop.admonter.com\/es\/","name":"Admonter Webshop","description":"Natures favourite designer","publisher":{"@id":"https:\/\/shop.admonter.com\/es\/#organization"},"potentialAction":[{"@type":"SearchAction","target":{"@type":"EntryPoint","urlTemplate":"https:\/\/shop.admonter.com\/es\/?s={search_term_string}"},"query-input":{"@type":"PropertyValueSpecification","valueRequired":true,"valueName":"search_term_string"}}],"inLanguage":"es"},{"@type":"Organization","@id":"https:\/\/shop.admonter.com\/es\/#organization","name":"Admonter Holzindustrie AG","url":"https:\/\/shop.admonter.com\/es\/","logo":{"@type":"ImageObject","inLanguage":"es","@id":"https:\/\/shop.admonter.com\/es\/#\/schema\/logo\/image\/","url":"https:\/\/shop.admonter.com\/wp-content\/uploads\/sites\/2\/admonter_logo.png","contentUrl":"https:\/\/shop.admonter.com\/wp-content\/uploads\/sites\/2\/admonter_logo.png","width":592,"height":100,"caption":"Admonter Holzindustrie AG"},"image":{"@id":"https:\/\/shop.admonter.com\/es\/#\/schema\/logo\/image\/"}}]}},"_links":{"self":[{"href":"https:\/\/shop.admonter.com\/es\/wp-json\/wp\/v2\/pages\/7113","targetHints":{"allow":["GET"]}}],"collection":[{"href":"https:\/\/shop.admonter.com\/es\/wp-json\/wp\/v2\/pages"}],"about":[{"href":"https:\/\/shop.admonter.com\/es\/wp-json\/wp\/v2\/types\/page"}],"author":[{"embeddable":true,"href":"https:\/\/shop.admonter.com\/es\/wp-json\/wp\/v2\/users\/1"}],"replies":[{"embeddable":true,"href":"https:\/\/shop.admonter.com\/es\/wp-json\/wp\/v2\/comments?post=7113"}],"version-history":[{"count":3,"href":"https:\/\/shop.admonter.com\/es\/wp-json\/wp\/v2\/pages\/7113\/revisions"}],"predecessor-version":[{"id":19523,"href":"https:\/\/shop.admonter.com\/es\/wp-json\/wp\/v2\/pages\/7113\/revisions\/19523"}],"wp:attachment":[{"href":"https:\/\/shop.admonter.com\/es\/wp-json\/wp\/v2\/media?parent=7113"}],"curies":[{"name":"wp","href":"https:\/\/api.w.org\/{rel}","templated":true}]}}